{"id":9712,"date":"2025-09-20T10:37:02","date_gmt":"2025-09-20T14:37:02","guid":{"rendered":"https:\/\/fundacionvinculo.cl\/sitio\/?page_id=9712"},"modified":"2025-09-20T11:54:34","modified_gmt":"2025-09-20T15:54:34","slug":"programa-vivir-por-lo-importante_ultimo-diseno","status":"publish","type":"page","link":"https:\/\/fundacionvinculo.cl\/sitio\/programa-vivir-por-lo-importante_ultimo-diseno\/","title":{"rendered":"Vivir por lo Importante"},"content":{"rendered":"<p>[et_pb_section fb_built=\u00bb1&#8243; admin_label=\u00bbHeader\u00bb _builder_version=\u00bb4.16&#8243; background_color_gradient_direction=\u00bb86deg\u00bb background_image=\u00bbhttps:\/\/fundacionvinculo.cl\/sitio\/wp-content\/uploads\/2021\/05\/17975521COLORES.jpg\u00bb parallax=\u00bbon\u00bb width=\u00bb100%\u00bb max_width=\u00bb100%\u00bb max_width_tablet=\u00bb\u00bb max_width_phone=\u00bb\u00bb max_width_last_edited=\u00bbon|desktop\u00bb custom_margin=\u00bb0px||0px||false|false\u00bb custom_padding=\u00bb119px||0px||false|false\u00bb da_disable_devices=\u00bboff|off|off\u00bb global_colors_info=\u00bb{}\u00bb da_is_popup=\u00bboff\u00bb da_exit_intent=\u00bboff\u00bb da_has_close=\u00bbon\u00bb da_alt_close=\u00bboff\u00bb da_dark_close=\u00bboff\u00bb da_not_modal=\u00bbon\u00bb da_is_singular=\u00bboff\u00bb da_with_loader=\u00bboff\u00bb da_has_shadow=\u00bbon\u00bb][et_pb_row custom_padding_last_edited=\u00bboff|phone\u00bb padding_top_bottom_link_1=\u00bbtrue\u00bb padding_left_right_link_1=\u00bbtrue\u00bb _builder_version=\u00bb4.16&#8243; background_position=\u00bbbottom_center\u00bb max_width=\u00bb80%\u00bb custom_margin=\u00bb||||false|false\u00bb custom_padding=\u00bb0px|||||\u00bb custom_padding_tablet=\u00bb17vw||17vw||false\u00bb use_custom_width=\u00bbon\u00bb width_unit=\u00bboff\u00bb custom_width_percent=\u00bb100%\u00bb global_colors_info=\u00bb{}\u00bb][et_pb_column type=\u00bb4_4&#8243; _builder_version=\u00bb4.16&#8243; custom_padding=\u00bb|||\u00bb custom_padding_tablet=\u00bb60px||60px||true\u00bb custom_padding_phone=\u00bb40px||40px||true\u00bb custom_padding_last_edited=\u00bboff|phone\u00bb global_colors_info=\u00bb{}\u00bb custom_padding__hover=\u00bb|||\u00bb][et_pb_text _builder_version=\u00bb4.27.4&#8243; _module_preset=\u00bbdefault\u00bb header_font=\u00bbDelius||||||||\u00bb header_text_align=\u00bbcenter\u00bb header_font_size=\u00bb64px\u00bb header_line_height=\u00bb1.3em\u00bb header_2_font=\u00bbDelius||||||||\u00bb header_2_text_align=\u00bbcenter\u00bb header_2_text_color=\u00bb#242424&#8243; header_2_font_size=\u00bb76px\u00bb header_3_font=\u00bbGloria Hallelujah|300|||||||\u00bb header_3_text_color=\u00bb#ffffff\u00bb header_3_font_size=\u00bb86px\u00bb header_3_line_height=\u00bb1.2em\u00bb custom_margin=\u00bb0px||0px||false|false\u00bb custom_margin_tablet=\u00bb\u00bb custom_margin_phone=\u00bb\u00bb custom_margin_last_edited=\u00bbon|desktop\u00bb custom_padding=\u00bb0px|0px||0px|false|true\u00bb custom_padding_tablet=\u00bb\u00bb custom_padding_phone=\u00bb\u00bb custom_padding_last_edited=\u00bbon|tablet\u00bb header_font_size_tablet=\u00bb45px\u00bb header_font_size_phone=\u00bb36px\u00bb header_font_size_last_edited=\u00bbon|phone\u00bb header_line_height_tablet=\u00bb\u00bb header_line_height_phone=\u00bb\u00bb header_line_height_last_edited=\u00bbon|desktop\u00bb header_2_text_shadow_style=\u00bbpreset2&#8243; header_2_text_shadow_blur_strength=\u00bb0.2em\u00bb header_2_text_shadow_color=\u00bbrgba(0,0,0,0.22)\u00bb header_3_text_shadow_style=\u00bbpreset1&#8243; header_3_text_shadow_color=\u00bbrgba(0,0,0,0.25)\u00bb global_colors_info=\u00bb{}\u00bb]<\/p>\n<h1><strong>Programa \u00abVivir por lo Importante\u00bb<\/strong><\/h1>\n<p>[\/et_pb_text][\/et_pb_column][\/et_pb_row][et_pb_row use_custom_gutter=\u00bbon\u00bb make_equal=\u00bbon\u00bb custom_padding_last_edited=\u00bbon|phone\u00bb _builder_version=\u00bb4.16&#8243; _module_preset=\u00bbdefault\u00bb background_image=\u00bbhttps:\/\/fundacionvinculo.cl\/sitio\/wp-content\/uploads\/2021\/04\/calligraphy_54.png\u00bb background_position=\u00bbtop_center\u00bb width=\u00bb100%\u00bb max_width=\u00bb100%\u00bb module_alignment=\u00bbcenter\u00bb custom_margin=\u00bb|auto||auto|false|false\u00bb custom_margin_tablet=\u00bb\u00bb custom_margin_phone=\u00bb\u00bb custom_margin_last_edited=\u00bbon|phone\u00bb custom_padding=\u00bb171px||0px||false|false\u00bb custom_padding_tablet=\u00bb\u00bb custom_padding_phone=\u00bb30px||30px||true|false\u00bb global_colors_info=\u00bb{}\u00bb][et_pb_column type=\u00bb4_4&#8243; _builder_version=\u00bb4.16&#8243; _module_preset=\u00bbdefault\u00bb global_colors_info=\u00bb{}\u00bb][\/et_pb_column][\/et_pb_row][\/et_pb_section][et_pb_section fb_built=\u00bb1&#8243; admin_label=\u00bbAbout Me\u00bb _builder_version=\u00bb4.27.4&#8243; background_color=\u00bbRGBA(255,255,255,0)\u00bb background_image=\u00bbhttps:\/\/fundacionvinculo.cl\/sitio\/wp-content\/uploads\/2021\/05\/7414-trozo11.jpg\u00bb background_size=\u00bbinitial\u00bb background_position=\u00bbcenter_right\u00bb transform_scale=\u00bb98%|98%\u00bb da_disable_devices=\u00bboff|off|off\u00bb global_colors_info=\u00bb{}\u00bb da_is_popup=\u00bboff\u00bb da_exit_intent=\u00bboff\u00bb da_has_close=\u00bbon\u00bb da_alt_close=\u00bboff\u00bb da_dark_close=\u00bboff\u00bb da_not_modal=\u00bbon\u00bb da_is_singular=\u00bboff\u00bb da_with_loader=\u00bboff\u00bb da_has_shadow=\u00bbon\u00bb][et_pb_row column_structure=\u00bb1_3,2_3&#8243; _builder_version=\u00bb4.16&#8243; custom_padding=\u00bb0px||0px||false|false\u00bb locked=\u00bboff\u00bb global_colors_info=\u00bb{}\u00bb][et_pb_column type=\u00bb1_3&#8243; _builder_version=\u00bb4.16&#8243; custom_padding=\u00bb|||\u00bb global_colors_info=\u00bb{}\u00bb custom_padding__hover=\u00bb|||\u00bb][et_pb_image src=\u00bbhttps:\/\/fundacionvinculo.cl\/sitio\/wp-content\/uploads\/2025\/09\/Imagen-Libro-Vivir.png\u00bb title_text=\u00bbImagen Libro Vivir\u00bb align=\u00bbcenter\u00bb align_tablet=\u00bbcenter\u00bb align_phone=\u00bb\u00bb align_last_edited=\u00bbon|desktop\u00bb _builder_version=\u00bb4.27.4&#8243; background_color=\u00bbrgba(0,0,0,0)\u00bb parallax=\u00bbon\u00bb transform_scale=\u00bb129%|129%\u00bb transform_scale_tablet=\u00bb\u00bb transform_scale_phone=\u00bb120%|120%\u00bb transform_scale_last_edited=\u00bbon|phone\u00bb transform_translate=\u00bb-26px|-26px\u00bb transform_translate_tablet=\u00bb0px|-120px\u00bb transform_translate_phone=\u00bb0px|-30px\u00bb transform_translate_last_edited=\u00bbon|tablet\u00bb transform_translate_linked_tablet=\u00bboff\u00bb transform_translate_linked_phone=\u00bboff\u00bb transform_rotate=\u00bb0deg|0deg|357deg\u00bb transform_rotate_tablet=\u00bb\u00bb transform_rotate_phone=\u00bb\u00bb transform_rotate_last_edited=\u00bbon|phone\u00bb transform_skew_tablet=\u00bb\u00bb transform_skew_phone=\u00bb\u00bb transform_skew_last_edited=\u00bbon|phone\u00bb transform_origin_tablet=\u00bb\u00bb transform_origin_phone=\u00bb\u00bb transform_origin_last_edited=\u00bbon|phone\u00bb transform_styles_last_edited=\u00bbon|tablet\u00bb scroll_horizontal_motion=\u00bb16|34|34|70|4|0|-4&#8243; scroll_fade_enable=\u00bbon\u00bb scroll_fade=\u00bb0|47|48|100|0|100|100&#8243; scroll_scaling_enable=\u00bbon\u00bb transform_styles_tablet=\u00bb\u00bb transform_styles_phone=\u00bb\u00bb border_radii=\u00bbon|20px|20px|20px|20px\u00bb box_shadow_style=\u00bbpreset2&#8243; global_colors_info=\u00bb{}\u00bb][\/et_pb_image][\/et_pb_column][et_pb_column type=\u00bb2_3&#8243; _builder_version=\u00bb4.16&#8243; custom_padding=\u00bb|||\u00bb global_colors_info=\u00bb{}\u00bb custom_padding__hover=\u00bb|||\u00bb][et_pb_text _builder_version=\u00bb4.27.4&#8243; text_font=\u00bb||||||||\u00bb text_text_color=\u00bb#000000&#8243; text_font_size=\u00bb22px\u00bb text_line_height=\u00bb1.5em\u00bb header_font=\u00bb||||||||\u00bb transform_scale_tablet=\u00bb\u00bb transform_scale_phone=\u00bb\u00bb transform_scale_last_edited=\u00bbon|tablet\u00bb transform_scale_linked=\u00bboff\u00bb transform_translate_tablet=\u00bb0px|0px\u00bb transform_translate_phone=\u00bb0px|0px\u00bb transform_translate_last_edited=\u00bbon|desktop\u00bb transform_translate_linked=\u00bboff\u00bb transform_rotate_tablet=\u00bb\u00bb transform_rotate_phone=\u00bb\u00bb transform_rotate_last_edited=\u00bbon|phone\u00bb transform_skew_tablet=\u00bb\u00bb transform_skew_phone=\u00bb\u00bb transform_skew_last_edited=\u00bbon|phone\u00bb transform_origin_tablet=\u00bb\u00bb transform_origin_phone=\u00bb\u00bb transform_origin_last_edited=\u00bbon|phone\u00bb transform_styles_last_edited=\u00bbon|desktop\u00bb width=\u00bb100%\u00bb width_tablet=\u00bb100%\u00bb width_phone=\u00bb\u00bb width_last_edited=\u00bbon|desktop\u00bb module_alignment=\u00bbleft\u00bb custom_margin=\u00bb||||false|false\u00bb custom_margin_tablet=\u00bb\u00bb custom_margin_phone=\u00bb\u00bb custom_margin_last_edited=\u00bbon|tablet\u00bb custom_padding=\u00bb|0px||0px||\u00bb custom_padding_tablet=\u00bb\u00bb custom_padding_phone=\u00bb\u00bb custom_padding_last_edited=\u00bbon|phone\u00bb animation_style=\u00bbfade\u00bb hover_enabled=\u00bb0&#8243; text_font_size_tablet=\u00bb\u00bb text_font_size_phone=\u00bb18px\u00bb text_font_size_last_edited=\u00bbon|desktop\u00bb text_line_height_tablet=\u00bb\u00bb text_line_height_phone=\u00bb1.7em\u00bb text_line_height_last_edited=\u00bbon|phone\u00bb transform_styles_tablet=\u00bb\u00bb transform_styles_phone=\u00bb\u00bb global_colors_info=\u00bb{}\u00bb sticky_enabled=\u00bb0&#8243;]<\/p>\n<h2 style=\"text-align: center;\"><strong>Un espacio para crecer en lo humano y lo espiritual<\/strong><\/h2>\n<p>&nbsp;<\/p>\n<p>El programa online\u00a0<strong>\u201cVivir por lo Importante\u201d<\/strong>\u00a0de la Fundaci\u00f3n V\u00ednculo es un espacio abierto de\u00a0<strong>crecimiento personal, reflexi\u00f3n y espiritualidad<\/strong>. Es un peregrinaje de sanaci\u00f3n y transformaci\u00f3n, un viaje de iniciaci\u00f3n (<strong>Mistagog\u00eda de los V\u00ednculos<\/strong>) dise\u00f1ado para descubrir los misterios de la vida y recuperar los lazos esenciales. Nuestra misi\u00f3n es\u00a0<strong>Gestar una Re-evoluci\u00f3n Amorista<\/strong>\u00a0que ayude a las personas a encontrar la felicidad y el\u00a0<strong>desarrollo humano en todos sus \u00e1mbitos<\/strong>, a trav\u00e9s del amor y la reconexi\u00f3n con los dem\u00e1s, el entorno y la propia interioridad.<\/p>\n<p>Desde el a\u00f1o 2020, hemos acompa\u00f1ado a cientos de personas en m\u00e1s de\u00a0<strong>8 temporadas<\/strong>, ofreciendo herramientas para vivir con mayor conciencia, sentido y\u00a0<strong>v\u00ednculos sanos.\u00a0<\/strong><\/p>\n<p>[\/et_pb_text][\/et_pb_column][\/et_pb_row][et_pb_row _builder_version=\u00bb4.27.4&#8243; _module_preset=\u00bbdefault\u00bb background_color=\u00bbRGBA(255,255,255,0)\u00bb custom_padding=\u00bb||18px|||\u00bb global_colors_info=\u00bb{}\u00bb][et_pb_column type=\u00bb4_4&#8243; _builder_version=\u00bb4.16&#8243; _module_preset=\u00bbdefault\u00bb global_colors_info=\u00bb{}\u00bb][et_pb_text _builder_version=\u00bb4.27.4&#8243; _module_preset=\u00bbdefault\u00bb text_text_color=\u00bb#000000&#8243; text_font_size=\u00bb22px\u00bb text_line_height=\u00bb1.5em\u00bb hover_enabled=\u00bb0&#8243; global_colors_info=\u00bb{}\u00bb sticky_enabled=\u00bb0&#8243;]<\/p>\n<p>La esencia de la Fundaci\u00f3n V\u00ednculo se asienta en la profunda convicci\u00f3n de que el <strong>crecimiento personal es un motor irremplazable para el desarrollo de una sociedad m\u00e1s justa, equitativa y plena<\/strong>.<\/p>\n<p>Por ello, \u201cVivir por lo Importante\u201d <strong>trasciende la mera transmisi\u00f3n de conocimientos acad\u00e9micos<\/strong> , centr\u00e1ndose en la <strong>transformaci\u00f3n integral de los individuos y el fortalecimiento del tejido social<\/strong>. Nuestra labor se alinea categ\u00f3ricamente con los objetivos fundamentales del Desarrollo Social, entregando <strong>acceso universal a herramientas de bienestar<\/strong> y formaci\u00f3n para la vida.<\/p>\n<p>De esta manera, contribuimos activamente a la <strong>construcci\u00f3n de una sociedad m\u00e1s consciente, solidaria y preparada para los desaf\u00edos del futuro<\/strong>.<\/p>\n<p>[\/et_pb_text][\/et_pb_column][\/et_pb_row][et_pb_row column_structure=\u00bb2_3,1_3&#8243; _builder_version=\u00bb4.27.4&#8243; _module_preset=\u00bbdefault\u00bb background_color=\u00bbRGBA(255,255,255,0)\u00bb custom_padding=\u00bb||18px|||\u00bb global_colors_info=\u00bb{}\u00bb][et_pb_column type=\u00bb2_3&#8243; _builder_version=\u00bb4.16&#8243; _module_preset=\u00bbdefault\u00bb global_colors_info=\u00bb{}\u00bb][et_pb_text _builder_version=\u00bb4.27.4&#8243; _module_preset=\u00bbdefault\u00bb text_text_color=\u00bb#000000&#8243; text_font_size=\u00bb22px\u00bb text_line_height=\u00bb1.5em\u00bb hover_enabled=\u00bb0&#8243; global_colors_info=\u00bb{}\u00bb sticky_enabled=\u00bb0&#8243;]<\/p>\n<p style=\"text-align: center;\"><strong>Nuestros encuentros se caracterizan por:<\/strong><\/p>\n<p><strong>Modalidad:<\/strong> Sesiones gratuitas, de una hora, realizadas cada semestre los d\u00edas jueves en dos horarios (10:00 y 21:00 hrs, v\u00eda Zoom).<\/p>\n<p><strong>Contenidos:<\/strong> Combinamos reflexiones sobre dilemas existenciales, psicolog\u00eda social, crecimiento personal y espiritualidad.<\/p>\n<p><strong>Enfoque:<\/strong> Una mirada de fe cat\u00f3lica, siempre centrada en los v\u00ednculos que nutren y fortalecen.<\/p>\n<p><strong>Facilitadores:<\/strong> Los talleres son guiados por <strong>Trini Ried y el Padre Juan Pablo<\/strong>, quienes integran neurociencia, psique y espiritualidad en un lenguaje cercano y accesible.<\/p>\n<p>[\/et_pb_text][\/et_pb_column][et_pb_column type=\u00bb1_3&#8243; _builder_version=\u00bb4.16&#8243; _module_preset=\u00bbdefault\u00bb global_colors_info=\u00bb{}\u00bb][et_pb_image src=\u00bbhttps:\/\/fundacionvinculo.cl\/sitio\/wp-content\/uploads\/2025\/09\/Expositores.png\u00bb title_text=\u00bbExpositores\u00bb _builder_version=\u00bb4.27.4&#8243; _module_preset=\u00bbdefault\u00bb border_radii=\u00bbon|20px|20px|20px|20px\u00bb global_colors_info=\u00bb{}\u00bb][\/et_pb_image][\/et_pb_column][\/et_pb_row][et_pb_row _builder_version=\u00bb4.27.4&#8243; _module_preset=\u00bbdefault\u00bb global_colors_info=\u00bb{}\u00bb][et_pb_column type=\u00bb4_4&#8243; _builder_version=\u00bb4.27.4&#8243; _module_preset=\u00bbdefault\u00bb global_colors_info=\u00bb{}\u00bb][et_pb_button button_url=\u00bb#VIVIR\u00bb button_text=\u00bbSABER M\u00c1S\u00bb button_alignment=\u00bbcenter\u00bb module_class=\u00bbvivir\u00bb _builder_version=\u00bb4.27.4&#8243; _module_preset=\u00bbdefault\u00bb custom_button=\u00bbon\u00bb button_text_size=\u00bb25px\u00bb button_text_color=\u00bb#FFFFFF\u00bb button_bg_color=\u00bb#0C71C3&#8243; button_border_radius=\u00bb18px\u00bb global_colors_info=\u00bb{}\u00bb][\/et_pb_button][\/et_pb_column][\/et_pb_row][\/et_pb_section][et_pb_section fb_built=\u00bb1&#8243; _builder_version=\u00bb4.27.4&#8243; _module_preset=\u00bbdefault\u00bb background_image=\u00bbhttps:\/\/fundacionvinculo.cl\/sitio\/wp-content\/uploads\/2021\/05\/Foto-Centro-de-recursos-amoristas-3.jpg\u00bb da_disable_devices=\u00bboff|off|off\u00bb global_colors_info=\u00bb{}\u00bb da_is_popup=\u00bboff\u00bb da_exit_intent=\u00bboff\u00bb da_has_close=\u00bbon\u00bb da_alt_close=\u00bboff\u00bb da_dark_close=\u00bboff\u00bb da_not_modal=\u00bbon\u00bb da_is_singular=\u00bboff\u00bb da_with_loader=\u00bboff\u00bb da_has_shadow=\u00bbon\u00bb][et_pb_row _builder_version=\u00bb4.27.4&#8243; _module_preset=\u00bbdefault\u00bb global_colors_info=\u00bb{}\u00bb][et_pb_column type=\u00bb4_4&#8243; _builder_version=\u00bb4.27.4&#8243; _module_preset=\u00bbdefault\u00bb global_colors_info=\u00bb{}\u00bb][et_pb_text _builder_version=\u00bb4.27.4&#8243; _module_preset=\u00bbdefault\u00bb text_font=\u00bbPlayfair Display||||||||\u00bb text_text_color=\u00bb#E09900&#8243; text_font_size=\u00bb40px\u00bb text_orientation=\u00bbcenter\u00bb global_colors_info=\u00bb{}\u00bb]<\/p>\n<h1 style=\"text-align: center;\">Nueva temporada : \u00bb Recarga tu bateria vital\u00bb<\/h1>\n<h3 style=\"text-align: center;\">FECHA: OCTUBRE 2025<\/h3>\n<p>[\/et_pb_text][\/et_pb_column][\/et_pb_row][et_pb_row column_structure=\u00bb1_2,1_2&#8243; _builder_version=\u00bb4.27.4&#8243; _module_preset=\u00bbdefault\u00bb global_colors_info=\u00bb{}\u00bb][et_pb_column type=\u00bb1_2&#8243; _builder_version=\u00bb4.27.4&#8243; _module_preset=\u00bbdefault\u00bb global_colors_info=\u00bb{}\u00bb][et_pb_image src=\u00bbhttps:\/\/fundacionvinculo.cl\/sitio\/wp-content\/uploads\/2025\/09\/vivir-x-lo-importante-2025-web.png\u00bb title_text=\u00bbvivir x lo importante 2025 web\u00bb _builder_version=\u00bb4.27.4&#8243; _module_preset=\u00bbdefault\u00bb width=\u00bb79%\u00bb border_radii=\u00bbon|20px|20px|20px|20px\u00bb global_colors_info=\u00bb{}\u00bb][\/et_pb_image][\/et_pb_column][et_pb_column type=\u00bb1_2&#8243; _builder_version=\u00bb4.27.4&#8243; _module_preset=\u00bbdefault\u00bb global_colors_info=\u00bb{}\u00bb][et_pb_text _builder_version=\u00bb4.27.4&#8243; _module_preset=\u00bbdefault\u00bb text_text_color=\u00bb#000000&#8243; text_font_size=\u00bb21px\u00bb global_colors_info=\u00bb{}\u00bb]En el mes de Octubre iniciamos un ciclo de tres encuentros para <strong>recargar nuestra energ\u00eda vital<\/strong> desde la ciencia, la psique y el esp\u00edritu.<\/p>\n<p><strong>Fechas y temas<\/strong>:<\/p>\n<ul>\n<li><strong>9 oct.<\/strong> Reconocer el desgaste \u2014 \u00bfD\u00f3nde se nos va la energ\u00eda?<\/li>\n<li><strong>16 oct.<\/strong> Conectar con los \u201cenchufes\u201d \u2014 Estrategias de recarga<\/li>\n<li><strong>23 oct.<\/strong> Vivir recargados \u2014 H\u00e1bitos diarios de energ\u00eda y paz<\/li>\n<\/ul>\n<p><strong>Modalidad:<\/strong> Online por Zoom \u2014 10:00 y 21:00 hrs.<\/p>\n<p><strong>Facilitadores:<\/strong> Trini Ried y P. Juan Pablo<\/p>\n<p><strong>Inscripciones:<\/strong> WhatsApp +56 9 8505 7769<\/p>\n<p><strong>Aporte:<\/strong> Voluntario<br \/>\n[\/et_pb_text][\/et_pb_column][\/et_pb_row][et_pb_row _builder_version=\u00bb4.27.4&#8243; _module_preset=\u00bbdefault\u00bb global_colors_info=\u00bb{}\u00bb][et_pb_column type=\u00bb4_4&#8243; _builder_version=\u00bb4.27.4&#8243; _module_preset=\u00bbdefault\u00bb global_colors_info=\u00bb{}\u00bb][et_pb_button button_url=\u00bbhttps:\/\/forms.gle\/uZc2BDJ4omxagvZJ7&#8243; button_text=\u00bbINSCR\u00cdBETE AC\u00c1\u00bb button_alignment=\u00bbcenter\u00bb _builder_version=\u00bb4.27.4&#8243; _module_preset=\u00bbdefault\u00bb custom_button=\u00bbon\u00bb button_text_color=\u00bb#000000&#8243; button_bg_color=\u00bb#E02B20&#8243; button_border_width=\u00bb2px\u00bb button_border_radius=\u00bb26px\u00bb background_layout=\u00bbdark\u00bb global_colors_info=\u00bb{}\u00bb][\/et_pb_button][\/et_pb_column][\/et_pb_row][et_pb_row column_structure=\u00bb1_3,1_3,1_3&#8243; _builder_version=\u00bb4.27.4&#8243; _module_preset=\u00bbdefault\u00bb global_colors_info=\u00bb{}\u00bb][et_pb_column type=\u00bb1_3&#8243; _builder_version=\u00bb4.27.4&#8243; _module_preset=\u00bbdefault\u00bb global_colors_info=\u00bb{}\u00bb][et_pb_blurb title=\u00bbTaller 1: Reconocer el desgaste\u00bb image_icon_background_color=\u00bb#1FD7E0&#8243; image=\u00bbhttps:\/\/fundacionvinculo.cl\/sitio\/wp-content\/uploads\/2025\/09\/imagen-3.jpeg\u00bb image_icon_width=\u00bb101%\u00bb _builder_version=\u00bb4.27.4&#8243; _module_preset=\u00bbdefault\u00bb header_text_color=\u00bb#0400F0&#8243; header_font_size=\u00bb25px\u00bb body_text_color=\u00bb#000000&#8243; body_font_size=\u00bb17px\u00bb border_radii=\u00bbon|10px|10px|10px|10px\u00bb border_radii_image=\u00bbon|30px|30px|30px|30px\u00bb global_colors_info=\u00bb{}\u00bb]&nbsp;<\/p>\n<p><strong>FECHA : jueves 09 de octubre (10:00 am o 21:00 pm)<\/strong><\/p>\n<p><span style=\"text-decoration: underline; color: #ff0000;\"><strong><em>Objetivo:<\/em><\/strong><\/span> Identificar los factores estresantes, personales y sociales, que drenan la energ\u00eda vital. Analizaremos neurociencia (cortisol y dopamina), psicolog\u00eda y c\u00f3mo Jes\u00fas tambi\u00e9n reconoc\u00eda sus l\u00edmites.<\/p>\n<p>&nbsp;<br \/>\n[\/et_pb_blurb][\/et_pb_column][et_pb_column type=\u00bb1_3&#8243; _builder_version=\u00bb4.27.4&#8243; _module_preset=\u00bbdefault\u00bb global_colors_info=\u00bb{}\u00bb][et_pb_blurb title=\u00bbTaller 2: Conectar con los \u201cenchufes\u201d\u00bb image=\u00bbhttps:\/\/fundacionvinculo.cl\/sitio\/wp-content\/uploads\/2025\/09\/imagen-4.jpeg\u00bb image_icon_width=\u00bb101%\u00bb _builder_version=\u00bb4.27.4&#8243; _module_preset=\u00bbdefault\u00bb header_text_color=\u00bb#8300E9&#8243; header_font_size=\u00bb25px\u00bb body_text_color=\u00bb#000000&#8243; body_font_size=\u00bb17px\u00bb border_radii_image=\u00bbon|20px|20px|20px|20px\u00bb global_colors_info=\u00bb{}\u00bb]&nbsp;<\/p>\n<p><strong>FECHA : jueves 16 de octubre (10:00 am o 21:00 pm)<\/strong><\/p>\n<p><strong><span style=\"text-decoration: underline; color: #ff0000;\"><em>Objetivo:<\/em><\/span> <\/strong>Descubrir los recursos personales y comunitarios que permiten recargarnos y resetearnos. Exploraremos la importancia de los v\u00ednculos sanos y la b\u00fasqueda de sentido (Viktor Frankl).<\/p>\n<p>&nbsp;<br \/>\n[\/et_pb_blurb][\/et_pb_column][et_pb_column type=\u00bb1_3&#8243; _builder_version=\u00bb4.27.4&#8243; _module_preset=\u00bbdefault\u00bb global_colors_info=\u00bb{}\u00bb][et_pb_blurb title=\u00bbTaller 3: Vivir recargados\u00bb image_icon_background_color=\u00bb#88C4DD\u00bb image=\u00bbhttps:\/\/fundacionvinculo.cl\/sitio\/wp-content\/uploads\/2025\/09\/iamgen-5.jpeg\u00bb image_icon_width=\u00bb101%\u00bb _builder_version=\u00bb4.27.4&#8243; _module_preset=\u00bbdefault\u00bb header_text_color=\u00bb#8300E9&#8243; header_font_size=\u00bb25px\u00bb body_text_color=\u00bb#000000&#8243; body_font_size=\u00bb17px\u00bb border_radii_image=\u00bbon|20px|20px|20px|20px\u00bb border_color_all_image=\u00bb#EDF000&#8243; global_colors_info=\u00bb{}\u00bb]&nbsp;<\/p>\n<p><strong>FECHA : jueves 23 de octubre (10:00 am o 21:00 pm)<\/strong><\/p>\n<p><span style=\"text-decoration: underline; color: #ff0000;\"><em><strong>Objetivo<\/strong><\/em><\/span>: Integrar pr\u00e1cticas concretas para mantener la bater\u00eda vital cargada en el d\u00eda a d\u00eda. Aplicaremos el concepto de microh\u00e1bitos y la pr\u00e1ctica del mindfulness para la paz.<br \/>\n[\/et_pb_blurb][\/et_pb_column][\/et_pb_row][\/et_pb_section][et_pb_section fb_built=\u00bb1&#8243; admin_label=\u00bbMistagogia\u00bb module_id=\u00bbvivir\u00bb module_class=\u00bbpopup\u00bb _builder_version=\u00bb4.27.4&#8243; background_image=\u00bbhttps:\/\/fundacionvinculo.cl\/sitio\/wp-content\/uploads\/2021\/05\/17975521C.jpg\u00bb parallax=\u00bbon\u00bb custom_margin=\u00bb||||false|false\u00bb custom_padding=\u00bb120px||120px||false|false\u00bb link_option_url=\u00bb#VIVIR\u00bb da_is_popup=\u00bbon\u00bb da_popup_slug=\u00bbvivir\u00bb da_disable_devices=\u00bboff|off|off\u00bb locked=\u00bboff\u00bb global_colors_info=\u00bb{}\u00bb da_exit_intent=\u00bboff\u00bb da_has_close=\u00bbon\u00bb da_alt_close=\u00bboff\u00bb da_dark_close=\u00bboff\u00bb da_not_modal=\u00bbon\u00bb da_is_singular=\u00bboff\u00bb da_with_loader=\u00bboff\u00bb da_has_shadow=\u00bbon\u00bb][et_pb_row module_id=\u00bbmistagogia\u00bb _builder_version=\u00bb4.16&#8243; transform_translate_linked=\u00bboff\u00bb custom_padding=\u00bb0px|40px|0px|40px|true|true\u00bb border_color_all=\u00bbrgba(0,0,0,0.18)\u00bb global_colors_info=\u00bb{}\u00bb][et_pb_column type=\u00bb4_4&#8243; _builder_version=\u00bb4.16&#8243; custom_padding=\u00bb|||\u00bb global_colors_info=\u00bb{}\u00bb custom_padding__hover=\u00bb|||\u00bb][et_pb_text _builder_version=\u00bb4.27.4&#8243; text_font=\u00bb||||||||\u00bb text_font_size=\u00bb22px\u00bb text_line_height=\u00bb1.5em\u00bb header_font=\u00bb||||||||\u00bb transform_scale_linked=\u00bboff\u00bb transform_translate=\u00bb1px|0px\u00bb transform_translate_linked=\u00bboff\u00bb width=\u00bb100%\u00bb module_alignment=\u00bbleft\u00bb custom_margin=\u00bb|112px||||\u00bb custom_padding=\u00bb|0px||0px||\u00bb text_font_size_tablet=\u00bb\u00bb text_font_size_phone=\u00bb15px\u00bb text_font_size_last_edited=\u00bbon|desktop\u00bb text_line_height_tablet=\u00bb\u00bb text_line_height_phone=\u00bb1.7em\u00bb text_line_height_last_edited=\u00bbon|phone\u00bb locked=\u00bboff\u00bb global_colors_info=\u00bb{}\u00bb]Este programa est\u00e1 dise\u00f1ado para cualquier persona, o grupo de personas o comunidades, que tengan un enfoque especial en roles importantes en instituciones de relevancia humana y social.<\/p>\n<p>A trav\u00e9s de este programa, los participantes aprenden a:<\/p>\n<ul>\n<li>Reconectar con su n\u00facleo interno y recuperar la confianza en s\u00ed mismos.<\/li>\n<li>Promover su originalidad y misi\u00f3n personal.<\/li>\n<li>Gestionar su libertad para convertirse en l\u00edderes de su propia vida.<\/li>\n<li>Tomar decisiones que no solo los autorrealicen, sino que tambi\u00e9n contribuyan al bienestar de la sociedad.<\/li>\n<\/ul>\n<p>A lo largo del a\u00f1o, la Fundaci\u00f3n V\u00ednculo desarrolla este programa en diversas temporadas con distintos m\u00f3dulos, lo que permite explorar nuevas tem\u00e1ticas y adaptar el contenido a las necesidades de diferentes instituciones y comunidades, tanto en Chile como en otros pa\u00edses.<\/p>\n<p>Este modelo ha permitido una creciente participaci\u00f3n nacional e internacional, con personas de Colombia, Argentina, Ecuador, Espa\u00f1a y Venezuela sum\u00e1ndose a la experiencia formativa.<\/p>\n<p>&nbsp;<br \/>\n[\/et_pb_text][\/et_pb_column][\/et_pb_row][\/et_pb_section][et_pb_section fb_built=\u00bb1&#8243; admin_label=\u00bbSection\u00bb _builder_version=\u00bb4.16&#8243; _module_preset=\u00bbdefault\u00bb da_disable_devices=\u00bboff|off|off\u00bb global_colors_info=\u00bb{}\u00bb da_is_popup=\u00bboff\u00bb da_exit_intent=\u00bboff\u00bb da_has_close=\u00bbon\u00bb da_alt_close=\u00bboff\u00bb da_dark_close=\u00bboff\u00bb da_not_modal=\u00bbon\u00bb da_is_singular=\u00bboff\u00bb da_with_loader=\u00bboff\u00bb da_has_shadow=\u00bbon\u00bb][\/et_pb_section]<\/p>\n","protected":false},"excerpt":{"rendered":"<p>Programa \u00abVivir por lo Importante\u00bb Un espacio para crecer en lo humano y lo espiritual &nbsp; El programa online\u00a0\u201cVivir por lo Importante\u201d\u00a0de la Fundaci\u00f3n V\u00ednculo es un espacio abierto de\u00a0crecimiento personal, reflexi\u00f3n y espiritualidad. Es un peregrinaje de sanaci\u00f3n y transformaci\u00f3n, un viaje de iniciaci\u00f3n (Mistagog\u00eda de los V\u00ednculos) dise\u00f1ado para descubrir los misterios de [&hellip;]<\/p>\n","protected":false},"author":3,"featured_media":0,"parent":0,"menu_order":0,"comment_status":"closed","ping_status":"closed","template":"","meta":{"_et_pb_use_builder":"on","_et_pb_old_content":"<!-- wp:divi\/placeholder \/-->","_et_gb_content_width":"","_vp_format_video_url":"","_vp_image_focal_point":[],"_joinchat":[],"footnotes":""},"class_list":["post-9712","page","type-page","status-publish","hentry"],"_links":{"self":[{"href":"https:\/\/fundacionvinculo.cl\/sitio\/wp-json\/wp\/v2\/pages\/9712","targetHints":{"allow":["GET"]}}],"collection":[{"href":"https:\/\/fundacionvinculo.cl\/sitio\/wp-json\/wp\/v2\/pages"}],"about":[{"href":"https:\/\/fundacionvinculo.cl\/sitio\/wp-json\/wp\/v2\/types\/page"}],"author":[{"embeddable":true,"href":"https:\/\/fundacionvinculo.cl\/sitio\/wp-json\/wp\/v2\/users\/3"}],"replies":[{"embeddable":true,"href":"https:\/\/fundacionvinculo.cl\/sitio\/wp-json\/wp\/v2\/comments?post=9712"}],"version-history":[{"count":44,"href":"https:\/\/fundacionvinculo.cl\/sitio\/wp-json\/wp\/v2\/pages\/9712\/revisions"}],"predecessor-version":[{"id":9802,"href":"https:\/\/fundacionvinculo.cl\/sitio\/wp-json\/wp\/v2\/pages\/9712\/revisions\/9802"}],"wp:attachment":[{"href":"https:\/\/fundacionvinculo.cl\/sitio\/wp-json\/wp\/v2\/media?parent=9712"}],"curies":[{"name":"wp","href":"https:\/\/api.w.org\/{rel}","templated":true}]}}