{"id":9606,"date":"2025-08-06T21:36:46","date_gmt":"2025-08-07T01:36:46","guid":{"rendered":"https:\/\/fundacionvinculo.cl\/sitio\/?page_id=9606"},"modified":"2025-09-26T07:21:30","modified_gmt":"2025-09-26T11:21:30","slug":"diplomado-en-gerontologia-psicosocial-y-espiritual","status":"publish","type":"page","link":"https:\/\/fundacionvinculo.cl\/sitio\/diplomado-en-gerontologia-psicosocial-y-espiritual\/","title":{"rendered":"Diplomado en Gerontolog\u00eda Psicosocial y Espiritual"},"content":{"rendered":"<p>[et_pb_section fb_built=\u00bb1&#8243; admin_label=\u00bbHeader\u00bb _builder_version=\u00bb4.16&#8243; background_color_gradient_direction=\u00bb86deg\u00bb background_image=\u00bbhttps:\/\/fundacionvinculo.cl\/sitio\/wp-content\/uploads\/2021\/05\/17975521COLORES.jpg\u00bb parallax=\u00bbon\u00bb width=\u00bb100%\u00bb max_width=\u00bb100%\u00bb max_width_tablet=\u00bb\u00bb max_width_phone=\u00bb\u00bb max_width_last_edited=\u00bbon|desktop\u00bb custom_margin=\u00bb0px||0px||false|false\u00bb custom_padding=\u00bb119px||0px||false|false\u00bb da_disable_devices=\u00bboff|off|off\u00bb global_colors_info=\u00bb{}\u00bb da_is_popup=\u00bboff\u00bb da_exit_intent=\u00bboff\u00bb da_has_close=\u00bbon\u00bb da_alt_close=\u00bboff\u00bb da_dark_close=\u00bboff\u00bb da_not_modal=\u00bbon\u00bb da_is_singular=\u00bboff\u00bb da_with_loader=\u00bboff\u00bb da_has_shadow=\u00bbon\u00bb][et_pb_row custom_padding_last_edited=\u00bboff|phone\u00bb padding_top_bottom_link_1=\u00bbtrue\u00bb padding_left_right_link_1=\u00bbtrue\u00bb _builder_version=\u00bb4.16&#8243; background_position=\u00bbbottom_center\u00bb max_width=\u00bb80%\u00bb custom_margin=\u00bb||||false|false\u00bb custom_padding=\u00bb0px|||||\u00bb custom_padding_tablet=\u00bb17vw||17vw||false\u00bb use_custom_width=\u00bbon\u00bb width_unit=\u00bboff\u00bb custom_width_percent=\u00bb100%\u00bb global_colors_info=\u00bb{}\u00bb][et_pb_column type=\u00bb4_4&#8243; _builder_version=\u00bb4.16&#8243; custom_padding=\u00bb|||\u00bb custom_padding_tablet=\u00bb60px||60px||true\u00bb custom_padding_phone=\u00bb40px||40px||true\u00bb custom_padding_last_edited=\u00bboff|phone\u00bb global_colors_info=\u00bb{}\u00bb custom_padding__hover=\u00bb|||\u00bb][et_pb_text _builder_version=\u00bb4.16&#8243; _module_preset=\u00bbdefault\u00bb header_font=\u00bbDelius||||||||\u00bb header_text_align=\u00bbcenter\u00bb header_font_size=\u00bb64px\u00bb header_line_height=\u00bb1.3em\u00bb header_2_font=\u00bbDelius||||||||\u00bb header_2_text_align=\u00bbcenter\u00bb header_2_text_color=\u00bb#242424&#8243; header_2_font_size=\u00bb76px\u00bb header_3_font=\u00bbGloria Hallelujah|300|||||||\u00bb header_3_text_color=\u00bb#ffffff\u00bb header_3_font_size=\u00bb86px\u00bb header_3_line_height=\u00bb1.2em\u00bb custom_margin=\u00bb0px||0px||false|false\u00bb custom_margin_tablet=\u00bb\u00bb custom_margin_phone=\u00bb\u00bb custom_margin_last_edited=\u00bbon|desktop\u00bb custom_padding=\u00bb0px|0px||0px|false|true\u00bb custom_padding_tablet=\u00bb\u00bb custom_padding_phone=\u00bb\u00bb custom_padding_last_edited=\u00bbon|tablet\u00bb header_font_size_tablet=\u00bb45px\u00bb header_font_size_phone=\u00bb36px\u00bb header_font_size_last_edited=\u00bbon|phone\u00bb header_line_height_tablet=\u00bb\u00bb header_line_height_phone=\u00bb\u00bb header_line_height_last_edited=\u00bbon|desktop\u00bb header_2_text_shadow_style=\u00bbpreset2&#8243; header_2_text_shadow_blur_strength=\u00bb0.2em\u00bb header_2_text_shadow_color=\u00bbrgba(0,0,0,0.22)\u00bb header_3_text_shadow_style=\u00bbpreset1&#8243; header_3_text_shadow_color=\u00bbrgba(0,0,0,0.25)\u00bb global_colors_info=\u00bb{}\u00bb]<\/p>\n<h1><strong>Diplomado en Gerontolog\u00eda Psicosocial y Espiritual<\/strong><\/h1>\n<p>[\/et_pb_text][\/et_pb_column][\/et_pb_row][et_pb_row use_custom_gutter=\u00bbon\u00bb make_equal=\u00bbon\u00bb custom_padding_last_edited=\u00bbon|phone\u00bb _builder_version=\u00bb4.16&#8243; _module_preset=\u00bbdefault\u00bb background_image=\u00bbhttps:\/\/fundacionvinculo.cl\/sitio\/wp-content\/uploads\/2021\/04\/calligraphy_54.png\u00bb background_position=\u00bbtop_center\u00bb width=\u00bb100%\u00bb max_width=\u00bb100%\u00bb module_alignment=\u00bbcenter\u00bb custom_margin=\u00bb|auto||auto|false|false\u00bb custom_margin_tablet=\u00bb\u00bb custom_margin_phone=\u00bb\u00bb custom_margin_last_edited=\u00bbon|phone\u00bb custom_padding=\u00bb171px||0px||false|false\u00bb custom_padding_tablet=\u00bb\u00bb custom_padding_phone=\u00bb30px||30px||true|false\u00bb global_colors_info=\u00bb{}\u00bb][et_pb_column type=\u00bb4_4&#8243; _builder_version=\u00bb4.16&#8243; _module_preset=\u00bbdefault\u00bb global_colors_info=\u00bb{}\u00bb][\/et_pb_column][\/et_pb_row][\/et_pb_section][et_pb_section fb_built=\u00bb1&#8243; admin_label=\u00bbAbout Me\u00bb _builder_version=\u00bb4.16&#8243; background_image=\u00bbhttps:\/\/fundacionvinculo.cl\/sitio\/wp-content\/uploads\/2021\/05\/7414-trozo11.jpg\u00bb background_size=\u00bbinitial\u00bb background_position=\u00bbcenter_right\u00bb transform_scale=\u00bb98%|98%\u00bb da_disable_devices=\u00bboff|off|off\u00bb global_colors_info=\u00bb{}\u00bb da_is_popup=\u00bboff\u00bb da_exit_intent=\u00bboff\u00bb da_has_close=\u00bbon\u00bb da_alt_close=\u00bboff\u00bb da_dark_close=\u00bboff\u00bb da_not_modal=\u00bbon\u00bb da_is_singular=\u00bboff\u00bb da_with_loader=\u00bboff\u00bb da_has_shadow=\u00bbon\u00bb][et_pb_row column_structure=\u00bb1_3,2_3&#8243; _builder_version=\u00bb4.16&#8243; custom_padding=\u00bb0px||0px||false|false\u00bb locked=\u00bboff\u00bb global_colors_info=\u00bb{}\u00bb][et_pb_column type=\u00bb1_3&#8243; _builder_version=\u00bb4.16&#8243; custom_padding=\u00bb|||\u00bb global_colors_info=\u00bb{}\u00bb custom_padding__hover=\u00bb|||\u00bb][et_pb_image src=\u00bbhttps:\/\/fundacionvinculo.cl\/sitio\/wp-content\/uploads\/2025\/08\/Afiches-promocion-DIPLOMADO-2026-5.png\u00bb title_text=\u00bbAfiches promoci\u00f3n DIPLOMADO 2026 (5)\u00bb align=\u00bbcenter\u00bb align_tablet=\u00bbcenter\u00bb align_phone=\u00bb\u00bb align_last_edited=\u00bbon|desktop\u00bb _builder_version=\u00bb4.27.4&#8243; background_color=\u00bbrgba(0,0,0,0)\u00bb parallax=\u00bbon\u00bb transform_scale=\u00bb129%|129%\u00bb transform_scale_tablet=\u00bb\u00bb transform_scale_phone=\u00bb120%|120%\u00bb transform_scale_last_edited=\u00bbon|phone\u00bb transform_translate=\u00bb-26px|-26px\u00bb transform_translate_tablet=\u00bb0px|-120px\u00bb transform_translate_phone=\u00bb0px|-30px\u00bb transform_translate_last_edited=\u00bbon|tablet\u00bb transform_translate_linked_tablet=\u00bboff\u00bb transform_translate_linked_phone=\u00bboff\u00bb transform_rotate=\u00bb0deg|0deg|357deg\u00bb transform_rotate_tablet=\u00bb\u00bb transform_rotate_phone=\u00bb\u00bb transform_rotate_last_edited=\u00bbon|phone\u00bb transform_skew_tablet=\u00bb\u00bb transform_skew_phone=\u00bb\u00bb transform_skew_last_edited=\u00bbon|phone\u00bb transform_origin_tablet=\u00bb\u00bb transform_origin_phone=\u00bb\u00bb transform_origin_last_edited=\u00bbon|phone\u00bb transform_styles_last_edited=\u00bbon|tablet\u00bb scroll_horizontal_motion=\u00bb16|34|34|70|4|0|-4&#8243; scroll_fade_enable=\u00bbon\u00bb scroll_fade=\u00bb0|47|48|100|0|100|100&#8243; scroll_scaling_enable=\u00bbon\u00bb hover_enabled=\u00bb0&#8243; transform_styles_tablet=\u00bb\u00bb transform_styles_phone=\u00bb\u00bb border_radii=\u00bbon|20px|20px|20px|20px\u00bb box_shadow_style=\u00bbpreset2&#8243; global_colors_info=\u00bb{}\u00bb sticky_enabled=\u00bb0&#8243;][\/et_pb_image][\/et_pb_column][et_pb_column type=\u00bb2_3&#8243; _builder_version=\u00bb4.16&#8243; custom_padding=\u00bb|||\u00bb global_colors_info=\u00bb{}\u00bb custom_padding__hover=\u00bb|||\u00bb][et_pb_text _builder_version=\u00bb4.16&#8243; text_font=\u00bb||||||||\u00bb text_text_color=\u00bb#000000&#8243; text_font_size=\u00bb22px\u00bb text_line_height=\u00bb2em\u00bb header_font=\u00bb||||||||\u00bb transform_scale_tablet=\u00bb\u00bb transform_scale_phone=\u00bb\u00bb transform_scale_last_edited=\u00bbon|tablet\u00bb transform_scale_linked=\u00bboff\u00bb transform_translate_tablet=\u00bb0px|0px\u00bb transform_translate_phone=\u00bb0px|0px\u00bb transform_translate_last_edited=\u00bbon|desktop\u00bb transform_translate_linked=\u00bboff\u00bb transform_rotate_tablet=\u00bb\u00bb transform_rotate_phone=\u00bb\u00bb transform_rotate_last_edited=\u00bbon|phone\u00bb transform_skew_tablet=\u00bb\u00bb transform_skew_phone=\u00bb\u00bb transform_skew_last_edited=\u00bbon|phone\u00bb transform_origin_tablet=\u00bb\u00bb transform_origin_phone=\u00bb\u00bb transform_origin_last_edited=\u00bbon|phone\u00bb transform_styles_last_edited=\u00bbon|desktop\u00bb width=\u00bb100%\u00bb width_tablet=\u00bb100%\u00bb width_phone=\u00bb\u00bb width_last_edited=\u00bbon|desktop\u00bb module_alignment=\u00bbleft\u00bb custom_margin=\u00bb||||false|false\u00bb custom_margin_tablet=\u00bb\u00bb custom_margin_phone=\u00bb\u00bb custom_margin_last_edited=\u00bbon|tablet\u00bb custom_padding=\u00bb|0px||0px||\u00bb custom_padding_tablet=\u00bb\u00bb custom_padding_phone=\u00bb\u00bb custom_padding_last_edited=\u00bbon|phone\u00bb animation_style=\u00bbfade\u00bb text_font_size_tablet=\u00bb\u00bb text_font_size_phone=\u00bb18px\u00bb text_font_size_last_edited=\u00bbon|desktop\u00bb text_line_height_tablet=\u00bb\u00bb text_line_height_phone=\u00bb1.7em\u00bb text_line_height_last_edited=\u00bbon|phone\u00bb transform_styles_tablet=\u00bb\u00bb transform_styles_phone=\u00bb\u00bb global_colors_info=\u00bb{}\u00bb]<\/p>\n<p style=\"text-align: center;\"><strong>Saberes para ayudar y ayudarse a envejecer en armon\u00eda<\/strong><\/p>\n<p style=\"text-align: justify;\">La Gerontolog\u00eda representa una puerta de entrada para quienes buscan comprender los desaf\u00edos del proceso de envejecimiento, tanto a nivel personal, social, como espiritual. Este campo transdisciplinario ofrece una perspectiva que abarca diversas dimensiones del envejecimiento humano, permitiendo una exploraci\u00f3n profunda y completa de esta etapa de la vida.<\/p>\n<p>[\/et_pb_text][\/et_pb_column][\/et_pb_row][et_pb_row _builder_version=\u00bb4.16&#8243; _module_preset=\u00bbdefault\u00bb custom_padding=\u00bb||18px|||\u00bb global_colors_info=\u00bb{}\u00bb][et_pb_column type=\u00bb4_4&#8243; _builder_version=\u00bb4.16&#8243; _module_preset=\u00bbdefault\u00bb global_colors_info=\u00bb{}\u00bb][et_pb_text _builder_version=\u00bb4.16&#8243; text_font=\u00bb||||||||\u00bb text_text_color=\u00bb#000000&#8243; text_font_size=\u00bb22px\u00bb text_line_height=\u00bb2em\u00bb header_font=\u00bb||||||||\u00bb transform_scale_linked=\u00bboff\u00bb transform_translate_linked=\u00bboff\u00bb width=\u00bb100%\u00bb width_tablet=\u00bb100%\u00bb width_phone=\u00bb\u00bb width_last_edited=\u00bbon|desktop\u00bb module_alignment=\u00bbleft\u00bb custom_margin=\u00bb||||false|false\u00bb custom_margin_tablet=\u00bb\u00bb custom_margin_phone=\u00bb\u00bb custom_margin_last_edited=\u00bbon|tablet\u00bb custom_padding=\u00bb|0px|11px|0px||\u00bb custom_padding_tablet=\u00bb\u00bb custom_padding_phone=\u00bb\u00bb custom_padding_last_edited=\u00bbon|phone\u00bb animation_style=\u00bbfade\u00bb text_font_size_tablet=\u00bb\u00bb text_font_size_phone=\u00bb18px\u00bb text_font_size_last_edited=\u00bbon|desktop\u00bb text_line_height_tablet=\u00bb\u00bb text_line_height_phone=\u00bb1.7em\u00bb text_line_height_last_edited=\u00bbon|phone\u00bb global_colors_info=\u00bb{}\u00bb]<\/p>\n<p style=\"text-align: justify;\">En Fundaci\u00f3n V\u00ednculo, hemos dise\u00f1ado un programa de formaci\u00f3n para abordar la tendencia global del envejecimiento saludable y en armon\u00eda. El Diplomado en Gerontolog\u00eda Psicosocial y Espiritual tiene como objetivo principal proporcionar las competencias y conocimientos necesarios en los \u00e1mbitos biom\u00e9dicos, psicosociales y espirituales para mejorar la calidad de vida de las personas mayores y promover un envejecimiento saludable y satisfactorio. El \u00e9nfasis del programa radica en adquirir saberes para ayudar y ayudarse a envejecer en armon\u00eda, sin olvidar el deber de cuidar a los cuidadores.<\/p>\n<p style=\"text-align: justify;\">Para el 2026 que ser\u00e1 nuestra 4ta versi\u00f3n del diplomado, que se impartir\u00e1 de abril a noviembre del 2026, las clases se realizan en modalidad online a trav\u00e9s de Zoom y tienen una duraci\u00f3n de 75 minutos, seguidas de 15 minutos de conversatorio libre.<\/p>\n<p>[\/et_pb_text][\/et_pb_column][\/et_pb_row][et_pb_row _builder_version=\u00bb4.27.4&#8243; _module_preset=\u00bbdefault\u00bb background_color=\u00bb#FFFFFF\u00bb global_colors_info=\u00bb{}\u00bb][et_pb_column type=\u00bb4_4&#8243; _builder_version=\u00bb4.27.4&#8243; _module_preset=\u00bbdefault\u00bb global_colors_info=\u00bb{}\u00bb][et_pb_button button_url=\u00bbhttps:\/\/forms.gle\/hDiBvFdp6pH8FHKL6&#8243; button_text=\u00bbFORMULARIO DE PRE-INSCRIPCI\u00d3N DIPLOMADO 2026&#8243; button_alignment=\u00bbcenter\u00bb _builder_version=\u00bb4.27.4&#8243; _module_preset=\u00bbdefault\u00bb custom_button=\u00bbon\u00bb button_text_color=\u00bb#FFFFFF\u00bb button_bg_color=\u00bb#0C71C3&#8243; button_border_width=\u00bb4px\u00bb button_border_radius=\u00bb41px\u00bb background_layout=\u00bbdark\u00bb global_colors_info=\u00bb{}\u00bb][\/et_pb_button][et_pb_button button_url=\u00bb#mistagogia\u00bb button_text=\u00bbVer m\u00e1s Informaci\u00f3n \u00bb button_alignment=\u00bbcenter\u00bb module_class=\u00bbmistagogia\u00bb _builder_version=\u00bb4.27.4&#8243; _module_preset=\u00bbdefault\u00bb custom_button=\u00bbon\u00bb button_text_size=\u00bb27px\u00bb button_text_color=\u00bb#ffffff\u00bb button_bg_color=\u00bb#0C71C3&#8243; button_border_radius=\u00bb68px\u00bb button_icon=\u00bb&#x22;||divi||400&#8243; background_layout=\u00bbdark\u00bb custom_margin=\u00bb||76px|||\u00bb global_colors_info=\u00bb{}\u00bb][\/et_pb_button][\/et_pb_column][\/et_pb_row][et_pb_row _builder_version=\u00bb4.16&#8243; _module_preset=\u00bbdefault\u00bb global_colors_info=\u00bb{}\u00bb][et_pb_column type=\u00bb4_4&#8243; _builder_version=\u00bb4.16&#8243; _module_preset=\u00bbdefault\u00bb global_colors_info=\u00bb{}\u00bb][et_pb_image src=\u00bbhttps:\/\/fundacionvinculo.cl\/sitio\/wp-content\/uploads\/2025\/08\/IMAGEN-2.jpeg\u00bb title_text=\u00bbIMAGEN 2&#8243; align_tablet=\u00bbcenter\u00bb align_phone=\u00bb\u00bb align_last_edited=\u00bbon|desktop\u00bb _builder_version=\u00bb4.27.4&#8243; _module_preset=\u00bbdefault\u00bb background_color=\u00bbrgba(0,0,0,0)\u00bb parallax=\u00bbon\u00bb transform_translate_linked=\u00bboff\u00bb transform_rotate=\u00bb0deg|0deg|1deg\u00bb animation_style=\u00bbfade\u00bb scroll_scaling_enable=\u00bbon\u00bb border_radii=\u00bbon|20px|20px|20px|20px\u00bb box_shadow_style=\u00bbpreset2&#8243; global_colors_info=\u00bb{}\u00bb][\/et_pb_image][et_pb_text _builder_version=\u00bb4.16&#8243; _module_preset=\u00bbdefault\u00bb text_font=\u00bb||||||||\u00bb text_text_color=\u00bb#000000&#8243; text_font_size=\u00bb22px\u00bb text_line_height=\u00bb2em\u00bb header_font=\u00bb||||||||\u00bb transform_scale_linked=\u00bboff\u00bb transform_translate_linked=\u00bboff\u00bb width=\u00bb100%\u00bb width_tablet=\u00bb100%\u00bb width_phone=\u00bb\u00bb width_last_edited=\u00bbon|desktop\u00bb module_alignment=\u00bbleft\u00bb custom_margin=\u00bb||||false|false\u00bb custom_margin_tablet=\u00bb\u00bb custom_margin_phone=\u00bb\u00bb custom_margin_last_edited=\u00bbon|tablet\u00bb custom_padding=\u00bb|0px||0px||\u00bb custom_padding_tablet=\u00bb\u00bb custom_padding_phone=\u00bb\u00bb custom_padding_last_edited=\u00bbon|phone\u00bb animation_style=\u00bbfade\u00bb text_font_size_tablet=\u00bb\u00bb text_font_size_phone=\u00bb18px\u00bb text_font_size_last_edited=\u00bbon|desktop\u00bb text_line_height_tablet=\u00bb\u00bb text_line_height_phone=\u00bb1.7em\u00bb text_line_height_last_edited=\u00bbon|phone\u00bb global_colors_info=\u00bb{}\u00bb]<\/p>\n<p>El plan de estudios est\u00e1 estructurado en seis m\u00f3dulos a lo largo de 35 clases:<\/p>\n<ul>\n<li><strong>M\u00f3dulo 1: Fundamentos y Contexto de la Gerontolog\u00eda Psicosocial y Espiritual:<\/strong>\u00a0Se exploran los mitos de la vejez, la fragilidad y la dependencia, el humor y la risa, los derechos de las personas mayores y las din\u00e1micas familiares.<\/li>\n<li><strong>M\u00f3dulo 2: Derechos y Cuidado de Personas Mayores:<\/strong>\u00a0Se profundiza en el maltrato, el s\u00edndrome de burnout en cuidadores, la participaci\u00f3n social de las personas mayores, la jubilaci\u00f3n y el concepto de \u00abeconom\u00eda plateada\u00bb.<\/li>\n<li><strong>M\u00f3dulo 3: Sexualidad y Salud en la Vejez:<\/strong>\u00a0Este m\u00f3dulo aborda la sexualidad de las personas mayores desde una perspectiva integral, junto con temas de salud f\u00edsica como nutrici\u00f3n, salud bucal y el uso de psicof\u00e1rmacos.<\/li>\n<li><strong>M\u00f3dulo 4: Salud Mental y Manejo de P\u00e9rdidas:<\/strong>\u00a0Se analizan temas como la soledad, depresi\u00f3n, demencias, p\u00e9rdidas y duelos, as\u00ed como el suicidio en la vejez.<\/li>\n<li><strong>M\u00f3dulo 5: Identidad, Juego y Formaci\u00f3n Permanente:<\/strong>\u00a0Se centra en la redefinici\u00f3n de la identidad en la vejez y la importancia del juego como herramienta para la formaci\u00f3n continua.<\/li>\n<li><strong>M\u00f3dulo 6: Espiritualidad en la Vejez:<\/strong>\u00a0Se explora el papel de la espiritualidad, las diferentes religiones y filosof\u00edas, el legado, la \u00abQuiroGeroEspiritualidad\u00bb, la \u00abGerolnterioridad\u00bb y la \u00abGeroTrascendencia\u00bb y la muerte.<\/li>\n<\/ul>\n<p>[\/et_pb_text][\/et_pb_column][\/et_pb_row][et_pb_row column_structure=\u00bb1_2,1_2&#8243; _builder_version=\u00bb4.16&#8243; _module_preset=\u00bbdefault\u00bb global_colors_info=\u00bb{}\u00bb][et_pb_column type=\u00bb1_2&#8243; _builder_version=\u00bb4.16&#8243; _module_preset=\u00bbdefault\u00bb global_colors_info=\u00bb{}\u00bb][et_pb_image src=\u00bbhttps:\/\/fundacionvinculo.cl\/sitio\/wp-content\/uploads\/2025\/08\/IMAGEN-3.jpeg\u00bb title_text=\u00bbIMAGEN 3&#8243; show_in_lightbox=\u00bbon\u00bb _builder_version=\u00bb4.27.4&#8243; _module_preset=\u00bbdefault\u00bb transform_scale=\u00bb108%|108%\u00bb transform_rotate=\u00bb0deg|0deg|357deg\u00bb z_index=\u00bb500&#8243; animation_style=\u00bbzoom\u00bb border_radii=\u00bbon|20px|20px|20px|20px\u00bb box_shadow_style=\u00bbpreset2&#8243; global_colors_info=\u00bb{}\u00bb][\/et_pb_image][\/et_pb_column][et_pb_column type=\u00bb1_2&#8243; _builder_version=\u00bb4.16&#8243; _module_preset=\u00bbdefault\u00bb global_colors_info=\u00bb{}\u00bb][et_pb_image src=\u00bbhttps:\/\/fundacionvinculo.cl\/sitio\/wp-content\/uploads\/2025\/08\/IMAGEN-1.jpeg\u00bb title_text=\u00bbIMAGEN 1&#8243; show_in_lightbox=\u00bbon\u00bb _builder_version=\u00bb4.27.4&#8243; _module_preset=\u00bbdefault\u00bb transform_scale=\u00bb108%|108%\u00bb transform_translate=\u00bb0px|60px\u00bb transform_translate_linked=\u00bboff\u00bb transform_rotate=\u00bb0deg|0deg|6deg\u00bb animation_style=\u00bbzoom\u00bb border_radii=\u00bbon|20px|20px|20px|20px\u00bb box_shadow_style=\u00bbpreset2&#8243; global_colors_info=\u00bb{}\u00bb][\/et_pb_image][\/et_pb_column][\/et_pb_row][\/et_pb_section][et_pb_section fb_built=\u00bb1&#8243; admin_label=\u00bbGallery\u00bb _builder_version=\u00bb4.16&#8243; background_image=\u00bbhttps:\/\/fundacionvinculo.cl\/sitio\/wp-content\/uploads\/2021\/04\/calligraphy_03.jpg\u00bb background_size=\u00bbinitial\u00bb background_position=\u00bbtop_center\u00bb custom_padding=\u00bb126px||251px|||\u00bb da_disable_devices=\u00bboff|off|off\u00bb global_colors_info=\u00bb{}\u00bb da_is_popup=\u00bboff\u00bb da_exit_intent=\u00bboff\u00bb da_has_close=\u00bbon\u00bb da_alt_close=\u00bboff\u00bb da_dark_close=\u00bboff\u00bb da_not_modal=\u00bbon\u00bb da_is_singular=\u00bboff\u00bb da_with_loader=\u00bboff\u00bb da_has_shadow=\u00bbon\u00bb][\/et_pb_section][et_pb_section fb_built=\u00bb1&#8243; admin_label=\u00bbMistagogia\u00bb module_id=\u00bbmistagogia\u00bb module_class=\u00bbpopup\u00bb _builder_version=\u00bb4.27.4&#8243; background_image=\u00bbhttps:\/\/fundacionvinculo.cl\/sitio\/wp-content\/uploads\/2021\/05\/17975521C.jpg\u00bb parallax=\u00bbon\u00bb custom_margin=\u00bb||||false|false\u00bb custom_padding=\u00bb120px||120px||false|false\u00bb link_option_url=\u00bb#Mistagogia\u00bb da_is_popup=\u00bbon\u00bb da_popup_slug=\u00bbmistagogia\u00bb da_disable_devices=\u00bboff|off|off\u00bb locked=\u00bboff\u00bb global_colors_info=\u00bb{}\u00bb da_exit_intent=\u00bboff\u00bb da_has_close=\u00bbon\u00bb da_alt_close=\u00bboff\u00bb da_dark_close=\u00bboff\u00bb da_not_modal=\u00bbon\u00bb da_is_singular=\u00bboff\u00bb da_with_loader=\u00bboff\u00bb da_has_shadow=\u00bbon\u00bb][et_pb_row module_id=\u00bbmistagogia\u00bb _builder_version=\u00bb4.16&#8243; transform_translate_linked=\u00bboff\u00bb custom_padding=\u00bb0px|40px|0px|40px|true|true\u00bb border_color_all=\u00bbrgba(0,0,0,0.18)\u00bb global_colors_info=\u00bb{}\u00bb][et_pb_column type=\u00bb4_4&#8243; _builder_version=\u00bb4.16&#8243; custom_padding=\u00bb|||\u00bb global_colors_info=\u00bb{}\u00bb custom_padding__hover=\u00bb|||\u00bb][et_pb_text _builder_version=\u00bb4.16&#8243; text_font=\u00bbMuli||||||||\u00bb text_font_size=\u00bb22px\u00bb text_line_height=\u00bb2em\u00bb header_font=\u00bb||||||||\u00bb transform_scale_linked=\u00bboff\u00bb transform_translate=\u00bb1px|0px\u00bb transform_translate_linked=\u00bboff\u00bb width=\u00bb100%\u00bb module_alignment=\u00bbleft\u00bb custom_margin=\u00bb|112px||||\u00bb custom_padding=\u00bb|0px||0px||\u00bb text_font_size_tablet=\u00bb\u00bb text_font_size_phone=\u00bb15px\u00bb text_font_size_last_edited=\u00bbon|desktop\u00bb text_line_height_tablet=\u00bb\u00bb text_line_height_phone=\u00bb1.7em\u00bb text_line_height_last_edited=\u00bbon|phone\u00bb locked=\u00bboff\u00bb global_colors_info=\u00bb{}\u00bb]<\/p>\n<p>Modalidades de Participaci\u00f3n Diplomado 2026<\/p>\n<p><strong>\ud83d\udc49 DIPLOMADO (210 horas)<\/strong><br \/>Ideal para quienes desean una formaci\u00f3n completa, con compromiso y evaluaci\u00f3n.<\/p>\n<ul>\n<li>35 clases online v\u00eda Zoom<\/li>\n<li>Lecturas obligatorias semanales<\/li>\n<li>Entrega de 7 trabajos evaluados, de los cuales 5 son requisitos m\u00ednimos<\/li>\n<li>Cuestionarios tipo Forms luego de cada lectura, sin calificaci\u00f3n<\/li>\n<li>Diploma oficial de la Fundaci\u00f3n V\u00ednculo.<\/li>\n<\/ul>\n<p><strong>\ud83d\udc49 OYENTES (80 horas)<\/strong><br \/>Pensado para quienes buscan una experiencia formativa m\u00e1s flexible, sin evaluaciones.<\/p>\n<ul>\n<li>Acceso a las mismas clases y materiales que los diplomandos<\/li>\n<li>Sin entrega de trabajos ni cuestionarios, pero con lectura obligatoria semanal<\/li>\n<li>Certificado de participaci\u00f3n: \u201cCurso de Gerontolog\u00eda Transdisciplinaria\u201d<\/li>\n<\/ul>\n<p>\ud83d\udd52 Horarios y Duraci\u00f3n<\/p>\n<ul>\n<li><strong>Duraci\u00f3n total:<\/strong>\u00a0Abril a noviembre de 2026<\/li>\n<li><strong>Clases:<\/strong>\u00a0Una vez por semana<\/li>\n<li><strong>Modalidad:<\/strong>\u00a0100% online v\u00eda Zoom<\/li>\n<li><strong>Duraci\u00f3n por clase:<\/strong>\u00a075 minutos + 15 minutos opcionales de di\u00e1logo<\/li>\n<li><strong>Grabaciones disponibles<\/strong>\u00a0para ponerse al d\u00eda si no puedes asistir en vivo<\/li>\n<li><strong>M\u00e1ximo de inasistencias permitidas:<\/strong>\u00a07 clases<\/li>\n<\/ul>\n<p>\ud83d\udccc Requisitos generales<\/p>\n<ul>\n<li>No se necesita t\u00edtulo profesional previo.<\/li>\n<li>Es necesario contar con habilidades b\u00e1sicas en Zoom, correo electr\u00f3nico y uso de Google Forms.<\/li>\n<li>Compromiso de lectura, participaci\u00f3n y respeto mutuo.<\/li>\n<\/ul>\n<p>\ud83d\udce7 Inscripciones<\/p>\n<ul>\n<li>Debes\u00a0<strong>llenar un formulario online<\/strong>\u00a0y esperar confirmaci\u00f3n antes de pagar.<\/li>\n<li>Una vez aceptado\/a, se solicita el pago de matr\u00edcula para asegurar tu cupo. Una vez iniciado el Diplomado no habr\u00e1 devoluci\u00f3n del pago.<\/li>\n<li>El diplomado est\u00e1 abierto a personas mayores, cuidadoras\/es, profesionales de la salud, voluntarias\/os, y todas las personas interesadas en el envejecimiento con sentido.<\/li>\n<\/ul>\n<p>&nbsp;<\/p>\n<p>&nbsp;<\/p>\n<p>[\/et_pb_text][\/et_pb_column][\/et_pb_row][\/et_pb_section][et_pb_section fb_built=\u00bb1&#8243; _builder_version=\u00bb4.16&#8243; _module_preset=\u00bbdefault\u00bb da_disable_devices=\u00bboff|off|off\u00bb global_colors_info=\u00bb{}\u00bb da_is_popup=\u00bboff\u00bb da_exit_intent=\u00bboff\u00bb da_has_close=\u00bbon\u00bb da_alt_close=\u00bboff\u00bb da_dark_close=\u00bboff\u00bb da_not_modal=\u00bbon\u00bb da_is_singular=\u00bboff\u00bb da_with_loader=\u00bboff\u00bb da_has_shadow=\u00bbon\u00bb][\/et_pb_section]<\/p>\n","protected":false},"excerpt":{"rendered":"<p>Diplomado en Gerontolog\u00eda Psicosocial y EspiritualSaberes para ayudar y ayudarse a envejecer en armon\u00eda La Gerontolog\u00eda representa una puerta de entrada para quienes buscan comprender los desaf\u00edos del proceso de envejecimiento, tanto a nivel personal, social, como espiritual. Este campo transdisciplinario ofrece una perspectiva que abarca diversas dimensiones del envejecimiento humano, permitiendo una exploraci\u00f3n profunda [&hellip;]<\/p>\n","protected":false},"author":3,"featured_media":0,"parent":0,"menu_order":0,"comment_status":"closed","ping_status":"closed","template":"","meta":{"_et_pb_use_builder":"on","_et_pb_old_content":"<!-- wp:divi\/placeholder \/-->","_et_gb_content_width":"","_vp_format_video_url":"","_vp_image_focal_point":[],"_joinchat":[],"footnotes":""},"class_list":["post-9606","page","type-page","status-publish","hentry"],"_links":{"self":[{"href":"https:\/\/fundacionvinculo.cl\/sitio\/wp-json\/wp\/v2\/pages\/9606","targetHints":{"allow":["GET"]}}],"collection":[{"href":"https:\/\/fundacionvinculo.cl\/sitio\/wp-json\/wp\/v2\/pages"}],"about":[{"href":"https:\/\/fundacionvinculo.cl\/sitio\/wp-json\/wp\/v2\/types\/page"}],"author":[{"embeddable":true,"href":"https:\/\/fundacionvinculo.cl\/sitio\/wp-json\/wp\/v2\/users\/3"}],"replies":[{"embeddable":true,"href":"https:\/\/fundacionvinculo.cl\/sitio\/wp-json\/wp\/v2\/comments?post=9606"}],"version-history":[{"count":11,"href":"https:\/\/fundacionvinculo.cl\/sitio\/wp-json\/wp\/v2\/pages\/9606\/revisions"}],"predecessor-version":[{"id":9907,"href":"https:\/\/fundacionvinculo.cl\/sitio\/wp-json\/wp\/v2\/pages\/9606\/revisions\/9907"}],"wp:attachment":[{"href":"https:\/\/fundacionvinculo.cl\/sitio\/wp-json\/wp\/v2\/media?parent=9606"}],"curies":[{"name":"wp","href":"https:\/\/api.w.org\/{rel}","templated":true}]}}