{"id":145,"date":"2021-04-29T15:58:03","date_gmt":"2021-04-29T15:58:03","guid":{"rendered":"https:\/\/fundacionvinculo.cl\/sitio\/?page_id=145"},"modified":"2026-04-16T19:27:07","modified_gmt":"2026-04-16T23:27:07","slug":"equipo","status":"publish","type":"page","link":"https:\/\/fundacionvinculo.cl\/sitio\/equipo\/","title":{"rendered":"Equipo"},"content":{"rendered":"<p>[et_pb_section fb_built=\u00bb1&#8243; admin_label=\u00bbAbout Me\u00bb _builder_version=\u00bb4.16&#8243; use_background_color_gradient=\u00bbon\u00bb background_color_gradient_stops=\u00bbrgba(0,0,0,0) 0%|#8300e9 100%\u00bb background_color_gradient_start=\u00bbrgba(0,0,0,0)\u00bb background_color_gradient_end=\u00bb#8300e9&#8243; background_image=\u00bbhttps:\/\/fundacionvinculo.cl\/sitio\/wp-content\/uploads\/2021\/05\/17975521COLORES.jpg\u00bb background_position=\u00bbbottom_center\u00bb transform_scale=\u00bb98%|98%\u00bb da_disable_devices=\u00bboff|off|off\u00bb global_colors_info=\u00bb{}\u00bb da_is_popup=\u00bboff\u00bb da_exit_intent=\u00bboff\u00bb da_has_close=\u00bbon\u00bb da_alt_close=\u00bboff\u00bb da_dark_close=\u00bboff\u00bb da_not_modal=\u00bbon\u00bb da_is_singular=\u00bboff\u00bb da_with_loader=\u00bboff\u00bb da_has_shadow=\u00bbon\u00bb][et_pb_row custom_padding_last_edited=\u00bbon|desktop\u00bb _builder_version=\u00bb4.16&#8243; custom_margin=\u00bb0px||0px||false|false\u00bb custom_margin_tablet=\u00bb\u00bb custom_margin_phone=\u00bb\u00bb custom_margin_last_edited=\u00bbon|desktop\u00bb custom_padding=\u00bb0px||0px||false|false\u00bb custom_padding_tablet=\u00bb\u00bb custom_padding_phone=\u00bb\u00bb locked=\u00bboff\u00bb global_colors_info=\u00bb{}\u00bb][et_pb_column type=\u00bb4_4&#8243; _builder_version=\u00bb4.16&#8243; custom_padding=\u00bb|||\u00bb global_colors_info=\u00bb{}\u00bb custom_padding__hover=\u00bb|||\u00bb][et_pb_text _builder_version=\u00bb4.27.4&#8243; _module_preset=\u00bbdefault\u00bb header_font=\u00bbDelius||||||||\u00bb header_text_align=\u00bbcenter\u00bb header_font_size=\u00bb80px\u00bb header_2_font=\u00bbDelius||||||||\u00bb header_2_text_align=\u00bbcenter\u00bb header_2_text_color=\u00bb#242424&#8243; header_2_font_size=\u00bb75px\u00bb header_3_font=\u00bbGloria Hallelujah|300|||||||\u00bb header_3_text_color=\u00bb#ffffff\u00bb header_3_font_size=\u00bb86px\u00bb header_3_line_height=\u00bb1.2em\u00bb custom_margin=\u00bb||36px|||\u00bb custom_margin_tablet=\u00bb||0px||false|false\u00bb custom_margin_phone=\u00bb0px||0px||false|false\u00bb custom_margin_last_edited=\u00bbon|desktop\u00bb custom_padding=\u00bb0px||||false|false\u00bb custom_padding_tablet=\u00bb\u00bb custom_padding_phone=\u00bb0px||0px||false|false\u00bb custom_padding_last_edited=\u00bbon|phone\u00bb hover_enabled=\u00bb0&#8243; header_font_size_tablet=\u00bb50px\u00bb header_font_size_phone=\u00bb36px\u00bb header_font_size_last_edited=\u00bbon|phone\u00bb header_2_font_size_tablet=\u00bb55px\u00bb header_2_font_size_phone=\u00bb36px\u00bb header_2_font_size_last_edited=\u00bbon|phone\u00bb header_3_text_shadow_style=\u00bbpreset1&#8243; header_3_text_shadow_color=\u00bbrgba(0,0,0,0.25)\u00bb global_colors_info=\u00bb{}\u00bb sticky_enabled=\u00bb0&#8243;]<\/p>\n<h1 style=\"text-align: center;\"><strong>Nuestro Equipo<\/strong><\/h1>\n<p>[\/et_pb_text][\/et_pb_column][\/et_pb_row][et_pb_row _builder_version=\u00bb4.16&#8243; _module_preset=\u00bbdefault\u00bb global_colors_info=\u00bb{}\u00bb][et_pb_column type=\u00bb4_4&#8243; _builder_version=\u00bb4.16&#8243; _module_preset=\u00bbdefault\u00bb global_colors_info=\u00bb{}\u00bb][et_pb_text _builder_version=\u00bb4.16&#8243; _module_preset=\u00bbdefault\u00bb text_font=\u00bbMuli||||||||\u00bb text_font_size=\u00bb22px\u00bb text_line_height=\u00bb2em\u00bb header_font=\u00bb||||||||\u00bb module_alignment=\u00bbleft\u00bb custom_padding=\u00bb2px|||||\u00bb text_font_size_tablet=\u00bb\u00bb text_font_size_phone=\u00bb15px\u00bb text_font_size_last_edited=\u00bbon|desktop\u00bb text_line_height_tablet=\u00bb\u00bb text_line_height_phone=\u00bb1.7em\u00bb text_line_height_last_edited=\u00bbon|phone\u00bb global_colors_info=\u00bb{}\u00bb]<\/p>\n<p>La Fundaci\u00f3n V\u00ednculo opera con una l\u00f3gica de c\u00edrculos conc\u00e9ntricos donde existe un n\u00facleo gestor que lidera las actividades y orientaciones y luego c\u00edrculos de menor a mayor tama\u00f1o y responsabilidad y participaci\u00f3n.<\/p>\n<p>[\/et_pb_text][et_pb_text _builder_version=\u00bb4.16&#8243; _module_preset=\u00bbdefault\u00bb header_2_font=\u00bbDelius||||||||\u00bb header_2_text_align=\u00bbcenter\u00bb header_2_font_size=\u00bb42px\u00bb custom_padding=\u00bb39px|||||\u00bb header_2_font_size_tablet=\u00bb\u00bb header_2_font_size_phone=\u00bb24px\u00bb header_2_font_size_last_edited=\u00bbon|phone\u00bb global_colors_info=\u00bb{}\u00bb]<\/p>\n<h2>N\u00facleo Amorista Gestor<\/h2>\n<p>[\/et_pb_text][et_pb_text _builder_version=\u00bb4.21.0&#8243; _module_preset=\u00bbdefault\u00bb text_font=\u00bbMuli||||||||\u00bb text_font_size=\u00bb22px\u00bb text_line_height=\u00bb2em\u00bb header_font=\u00bb||||||||\u00bb text_orientation=\u00bbcenter\u00bb module_alignment=\u00bbleft\u00bb custom_padding=\u00bb0px|30px||30px|false|false\u00bb text_font_size_tablet=\u00bb\u00bb text_font_size_phone=\u00bb15px\u00bb text_font_size_last_edited=\u00bbon|desktop\u00bb text_line_height_tablet=\u00bb\u00bb text_line_height_phone=\u00bb1.7em\u00bb text_line_height_last_edited=\u00bbon|phone\u00bb global_colors_info=\u00bb{}\u00bb]<\/p>\n<p>Est\u00e1 formado por Trini Ried Goycoolea, Andr\u00e9s Goycoolea Figueroa, Juan Pablo Velasco C. y Rosita Araya Runge.<\/p>\n<p>[\/et_pb_text][\/et_pb_column][\/et_pb_row][et_pb_row column_structure=\u00bb1_4,1_4,1_4,1_4&#8243; _builder_version=\u00bb4.16&#8243; _module_preset=\u00bbdefault\u00bb global_colors_info=\u00bb{}\u00bb][et_pb_column type=\u00bb1_4&#8243; _builder_version=\u00bb4.16&#8243; _module_preset=\u00bbdefault\u00bb global_colors_info=\u00bb{}\u00bb][et_pb_image src=\u00bbhttps:\/\/fundacionvinculo.cl\/sitio\/wp-content\/uploads\/2021\/05\/Trini_Reid.png\u00bb title_text=\u00bbTrini_Reid\u00bb _builder_version=\u00bb4.16&#8243; _module_preset=\u00bbdefault\u00bb width=\u00bb150px\u00bb module_alignment=\u00bbcenter\u00bb border_radii=\u00bbon|120px|120px|120px|120px\u00bb global_colors_info=\u00bb{}\u00bb][\/et_pb_image][et_pb_text _builder_version=\u00bb4.16&#8243; _module_preset=\u00bbdefault\u00bb header_6_font=\u00bb|700|||||||\u00bb header_6_text_color=\u00bb#000000&#8243; header_6_font_size=\u00bb16px\u00bb global_colors_info=\u00bb{}\u00bb]<\/p>\n<h6 style=\"text-align: center;\">Trini Ried Goycoolea<\/h6>\n<p>[\/et_pb_text][\/et_pb_column][et_pb_column type=\u00bb1_4&#8243; _builder_version=\u00bb4.16&#8243; _module_preset=\u00bbdefault\u00bb global_colors_info=\u00bb{}\u00bb][et_pb_image src=\u00bbhttps:\/\/fundacionvinculo.cl\/sitio\/wp-content\/uploads\/2021\/05\/andres2.jpg\u00bb title_text=\u00bbandres2&#8243; _builder_version=\u00bb4.16&#8243; _module_preset=\u00bbdefault\u00bb width=\u00bb150px\u00bb module_alignment=\u00bbcenter\u00bb border_radii=\u00bbon|120px|120px|120px|120px\u00bb global_colors_info=\u00bb{}\u00bb][\/et_pb_image][et_pb_text _builder_version=\u00bb4.16&#8243; _module_preset=\u00bbdefault\u00bb header_6_font=\u00bb|700|||||||\u00bb header_6_text_color=\u00bb#000000&#8243; header_6_font_size=\u00bb16px\u00bb global_colors_info=\u00bb{}\u00bb]<\/p>\n<h6 style=\"text-align: center;\">Andr\u00e9s Goycoolea <\/h6>\n<p>[\/et_pb_text][\/et_pb_column][et_pb_column type=\u00bb1_4&#8243; _builder_version=\u00bb4.16&#8243; _module_preset=\u00bbdefault\u00bb global_colors_info=\u00bb{}\u00bb][et_pb_image src=\u00bbhttps:\/\/fundacionvinculo.cl\/sitio\/wp-content\/uploads\/2021\/05\/rosita.jpg\u00bb title_text=\u00bbrosita\u00bb _builder_version=\u00bb4.16&#8243; _module_preset=\u00bbdefault\u00bb width=\u00bb150px\u00bb module_alignment=\u00bbcenter\u00bb border_radii=\u00bbon|120px|120px|120px|120px\u00bb global_colors_info=\u00bb{}\u00bb][\/et_pb_image][et_pb_text _builder_version=\u00bb4.16&#8243; _module_preset=\u00bbdefault\u00bb header_6_font=\u00bb|700|||||||\u00bb header_6_text_color=\u00bb#000000&#8243; header_6_font_size=\u00bb16px\u00bb global_colors_info=\u00bb{}\u00bb]<\/p>\n<h6 style=\"text-align: center;\">Rosita Araya Runge<\/h6>\n<p>[\/et_pb_text][\/et_pb_column][et_pb_column type=\u00bb1_4&#8243; _builder_version=\u00bb4.16&#8243; _module_preset=\u00bbdefault\u00bb global_colors_info=\u00bb{}\u00bb][et_pb_image src=\u00bbhttps:\/\/fundacionvinculo.cl\/sitio\/wp-content\/uploads\/2021\/05\/Juan-Pablo.jpg\u00bb title_text=\u00bbJuan Pablo\u00bb _builder_version=\u00bb4.16&#8243; _module_preset=\u00bbdefault\u00bb width=\u00bb150px\u00bb module_alignment=\u00bbcenter\u00bb border_radii=\u00bbon|120px|120px|120px|120px\u00bb global_colors_info=\u00bb{}\u00bb][\/et_pb_image][et_pb_text _builder_version=\u00bb4.27.4&#8243; _module_preset=\u00bbdefault\u00bb header_6_font=\u00bb|700|||||||\u00bb header_6_text_color=\u00bb#000000&#8243; header_6_font_size=\u00bb16px\u00bb global_colors_info=\u00bb{}\u00bb]<\/p>\n<h6 style=\"text-align: center;\">\u00a0Juan Pablo Velasco C.<\/h6>\n<p>[\/et_pb_text][\/et_pb_column][\/et_pb_row][et_pb_row _builder_version=\u00bb4.16&#8243; _module_preset=\u00bbdefault\u00bb custom_margin=\u00bb23px|auto||auto||\u00bb global_colors_info=\u00bb{}\u00bb][et_pb_column type=\u00bb4_4&#8243; _builder_version=\u00bb4.16&#8243; _module_preset=\u00bbdefault\u00bb global_colors_info=\u00bb{}\u00bb][et_pb_divider color=\u00bb#000000&#8243; _builder_version=\u00bb4.16&#8243; _module_preset=\u00bbdefault\u00bb global_colors_info=\u00bb{}\u00bb][\/et_pb_divider][\/et_pb_column][\/et_pb_row][et_pb_row column_structure=\u00bb2_5,3_5&#8243; _builder_version=\u00bb4.16&#8243; _module_preset=\u00bbdefault\u00bb global_colors_info=\u00bb{}\u00bb][et_pb_column type=\u00bb2_5&#8243; _builder_version=\u00bb4.16&#8243; _module_preset=\u00bbdefault\u00bb global_colors_info=\u00bb{}\u00bb][et_pb_image src=\u00bbhttps:\/\/fundacionvinculo.cl\/sitio\/wp-content\/uploads\/2021\/05\/Trini_Reid.png\u00bb title_text=\u00bbTrini_Reid\u00bb _builder_version=\u00bb4.16&#8243; _module_preset=\u00bbdefault\u00bb width=\u00bb300px\u00bb module_alignment=\u00bbcenter\u00bb border_radii=\u00bbon|150px|150px|150px|150px\u00bb global_colors_info=\u00bb{}\u00bb][\/et_pb_image][\/et_pb_column][et_pb_column type=\u00bb3_5&#8243; _builder_version=\u00bb4.16&#8243; _module_preset=\u00bbdefault\u00bb global_colors_info=\u00bb{}\u00bb][et_pb_text _builder_version=\u00bb4.16&#8243; _module_preset=\u00bbdefault\u00bb header_text_color=\u00bb#000000&#8243; header_3_font_size=\u00bb36px\u00bb header_4_text_align=\u00bbleft\u00bb header_4_text_color=\u00bb#000000&#8243; header_4_font_size=\u00bb36px\u00bb header_6_font=\u00bb|700|||||||\u00bb header_6_text_align=\u00bbleft\u00bb header_6_text_color=\u00bb#000000&#8243; header_6_font_size=\u00bb16px\u00bb header_3_text_align_tablet=\u00bbcenter\u00bb header_3_text_align_phone=\u00bbcenter\u00bb header_3_text_align_last_edited=\u00bbon|tablet\u00bb header_3_font_size_tablet=\u00bb\u00bb header_3_font_size_phone=\u00bb28px\u00bb header_3_font_size_last_edited=\u00bbon|phone\u00bb global_colors_info=\u00bb{}\u00bb]<\/p>\n<h3>Trini Ried Goycoolea<\/h3>\n<p>[\/et_pb_text][et_pb_text _builder_version=\u00bb4.16&#8243; _module_preset=\u00bbdefault\u00bb text_font=\u00bb||||||||\u00bb text_text_color=\u00bb#000000&#8243; text_font_size=\u00bb20px\u00bb text_line_height=\u00bb1.3em\u00bb text_font_size_tablet=\u00bb\u00bb text_font_size_phone=\u00bb18px\u00bb text_font_size_last_edited=\u00bbon|phone\u00bb text_line_height_tablet=\u00bb\u00bb text_line_height_phone=\u00bb1.4em\u00bb text_line_height_last_edited=\u00bbon|desktop\u00bb global_colors_info=\u00bb{}\u00bb]<\/p>\n<p style=\"text-align: justify;\">Trinidad Ried Goycoolea es periodista de la Universidad Cat\u00f3lica de Chile. Si bien trabaj\u00f3 un tiempo en televisi\u00f3n y prensa, pronto dej\u00f3 los medios para poder hacer algo con lo que pudiese satisfacer sus ganas de trascender y aportar algo al mundo. Bajo esta inspiraci\u00f3n y con la firme convicci\u00f3n de querer formar personas, en 1996 fund\u00f3, junto a su familia, el Colegio Santa Cruz de Chicureo.<\/p>\n<p style=\"text-align: justify;\">Sus inquietudes literarias y su amor por los ni\u00f1os la han llevado a publicar m\u00e1s de 45 libros. En el \u00e1mbito educativo y formativo, destaca su cargo como ex presidenta de la Fundaci\u00f3n Educacional Instituto HighScope Chile (2009- 2019) y la creaci\u00f3n de la Fundaci\u00f3n V\u00ednculo (2016), que busca promover los planteamientos de la Re-evoluci\u00f3n Amorista en todos los \u00e1mbitos humanos.<span>\u00a0 <\/span>Desde ah\u00ed, profundiza su experiencia como formadora y dicta conferencias y talleres para gestar este esp\u00edritu y colaborar as\u00ed en la recuperaci\u00f3n del prop\u00f3sito de la vida y su felicidad.<\/p>\n<p>[\/et_pb_text][\/et_pb_column][\/et_pb_row][et_pb_row column_structure=\u00bb3_5,2_5&#8243; _builder_version=\u00bb4.16&#8243; _module_preset=\u00bbdefault\u00bb global_colors_info=\u00bb{}\u00bb][et_pb_column type=\u00bb3_5&#8243; _builder_version=\u00bb4.16&#8243; _module_preset=\u00bbdefault\u00bb global_colors_info=\u00bb{}\u00bb][et_pb_text _builder_version=\u00bb4.27.4&#8243; _module_preset=\u00bbdefault\u00bb header_text_color=\u00bb#000000&#8243; header_3_font_size=\u00bb36px\u00bb header_4_text_align=\u00bbleft\u00bb header_4_text_color=\u00bb#000000&#8243; header_4_font_size=\u00bb36px\u00bb header_6_font=\u00bb|700|||||||\u00bb header_6_text_align=\u00bbleft\u00bb header_6_text_color=\u00bb#000000&#8243; header_6_font_size=\u00bb16px\u00bb header_3_text_align_tablet=\u00bbcenter\u00bb header_3_text_align_phone=\u00bbcenter\u00bb header_3_text_align_last_edited=\u00bbon|tablet\u00bb header_3_font_size_tablet=\u00bb\u00bb header_3_font_size_phone=\u00bb28px\u00bb header_3_font_size_last_edited=\u00bbon|phone\u00bb global_colors_info=\u00bb{}\u00bb]<\/p>\n<h3>Juan Pablo Velasco C.<\/h3>\n<p>[\/et_pb_text][et_pb_text _builder_version=\u00bb4.27.4&#8243; _module_preset=\u00bbdefault\u00bb text_font=\u00bb||||||||\u00bb text_text_color=\u00bb#000000&#8243; text_font_size=\u00bb20px\u00bb text_line_height=\u00bb1.3em\u00bb text_font_size_tablet=\u00bb\u00bb text_font_size_phone=\u00bb18px\u00bb text_font_size_last_edited=\u00bbon|phone\u00bb text_line_height_tablet=\u00bb\u00bb text_line_height_phone=\u00bb1.4em\u00bb text_line_height_last_edited=\u00bbon|desktop\u00bb global_colors_info=\u00bb{}\u00bb]<\/p>\n<p>Juan Pablo V. ejerce como, Director y Profesor del Diplomado en Gerontolog\u00eda Psicosocial y Espiritual; facilitador de los Peregrinajes de la M\u00edstica del Bamb\u00fa, de talleres y conferencias que promueven la Re-evoluci\u00f3n Amorista.<\/p>\n<p>M\u00e1ster en Gerontolog\u00eda y M\u00e1ster en Rehabilitaci\u00f3n Neuropsicol\u00f3gica y Estimulaci\u00f3n Cognitiva en Tercera Edad (EDECA, Espa\u00f1a)<\/p>\n<p>Mag\u00edster en Teolog\u00eda Espiritual (P. Universidad Gregoriana, Italia)<\/p>\n<p>Mag\u00edster en Gesti\u00f3n y Administraci\u00f3n Educativa (Universidad Alberto Hurtado, Chile)<\/p>\n<p>Diplomado en Gerontolog\u00eda Social y Diplomado Psicogerontolog\u00eda Educativa y Social (P. Universidad Cat\u00f3lica, Chile)<\/p>\n<p>Licenciado en Ciencias Religiosas (P. Universidad Cat\u00f3lica, Chile)<\/p>\n<p>Profesor de Estado en Ense\u00f1anza Media (P. Universidad Cat\u00f3lica, Chile)<\/p>\n<p>Realizados los cursos m\u00ednimos para Mag\u00edster en Abordajes Psicosociales para el Desarrollo de Culturas de Paz ( P. Universidad Javeriana, Colombia)<\/p>\n<p>[\/et_pb_text][\/et_pb_column][et_pb_column type=\u00bb2_5&#8243; _builder_version=\u00bb4.16&#8243; _module_preset=\u00bbdefault\u00bb global_colors_info=\u00bb{}\u00bb][et_pb_image src=\u00bbhttps:\/\/fundacionvinculo.cl\/sitio\/wp-content\/uploads\/2021\/05\/Juan-Pablo.jpg\u00bb title_text=\u00bbJuan Pablo\u00bb _builder_version=\u00bb4.16&#8243; _module_preset=\u00bbdefault\u00bb width=\u00bb300px\u00bb module_alignment=\u00bbcenter\u00bb border_radii=\u00bbon|150px|150px|150px|150px\u00bb global_colors_info=\u00bb{}\u00bb][\/et_pb_image][\/et_pb_column][\/et_pb_row][et_pb_row _builder_version=\u00bb4.16&#8243; _module_preset=\u00bbdefault\u00bb custom_margin=\u00bb23px|auto||auto||\u00bb global_colors_info=\u00bb{}\u00bb][et_pb_column type=\u00bb4_4&#8243; _builder_version=\u00bb4.16&#8243; _module_preset=\u00bbdefault\u00bb global_colors_info=\u00bb{}\u00bb][et_pb_divider color=\u00bb#000000&#8243; _builder_version=\u00bb4.16&#8243; _module_preset=\u00bbdefault\u00bb global_colors_info=\u00bb{}\u00bb][\/et_pb_divider][\/et_pb_column][\/et_pb_row][et_pb_row column_structure=\u00bb3_5,2_5&#8243; _builder_version=\u00bb4.16&#8243; _module_preset=\u00bbdefault\u00bb global_colors_info=\u00bb{}\u00bb][et_pb_column type=\u00bb3_5&#8243; _builder_version=\u00bb4.16&#8243; _module_preset=\u00bbdefault\u00bb global_colors_info=\u00bb{}\u00bb][et_pb_text _builder_version=\u00bb4.16&#8243; _module_preset=\u00bbdefault\u00bb header_text_color=\u00bb#000000&#8243; header_3_font_size=\u00bb36px\u00bb header_4_text_align=\u00bbleft\u00bb header_4_text_color=\u00bb#000000&#8243; header_4_font_size=\u00bb36px\u00bb header_6_font=\u00bb|700|||||||\u00bb header_6_text_align=\u00bbleft\u00bb header_6_text_color=\u00bb#000000&#8243; header_6_font_size=\u00bb16px\u00bb header_3_text_align_tablet=\u00bbcenter\u00bb header_3_text_align_phone=\u00bbcenter\u00bb header_3_text_align_last_edited=\u00bbon|tablet\u00bb header_3_font_size_tablet=\u00bb\u00bb header_3_font_size_phone=\u00bb28px\u00bb header_3_font_size_last_edited=\u00bbon|phone\u00bb global_colors_info=\u00bb{}\u00bb]<\/p>\n<h3>Andr\u00e9s Goycoolea Figueroa<\/h3>\n<p>[\/et_pb_text][et_pb_text _builder_version=\u00bb4.16&#8243; _module_preset=\u00bbdefault\u00bb text_font=\u00bb||||||||\u00bb text_text_color=\u00bb#000000&#8243; text_font_size=\u00bb20px\u00bb text_line_height=\u00bb1.3em\u00bb text_font_size_tablet=\u00bb\u00bb text_font_size_phone=\u00bb18px\u00bb text_font_size_last_edited=\u00bbon|phone\u00bb text_line_height_tablet=\u00bb\u00bb text_line_height_phone=\u00bb1.4em\u00bb text_line_height_last_edited=\u00bbon|desktop\u00bb global_colors_info=\u00bb{}\u00bb]<\/p>\n<p style=\"text-align: justify;\">Andr\u00e9s Goycoolea Figueroa es Odont\u00f3logo y especialista en Ortodoncia de la Universidad de Chile. Tiene una larga trayectoria profesional y es miembro de instituciones cient\u00edficas Odontol\u00f3gicas nacionales e internacionales especializadas. Fue presidente de la Sociedad de Ortodoncia de Chile entre los a\u00f1os 2013 a 2016.<\/p>\n<p style=\"text-align: justify;\">Su esp\u00edritu emprendedor y su pasi\u00f3n por innovar lo han llevado a ser muy activo en distintos \u00e1mbitos, desde el cient\u00edfico profesional como gestor de programas de intercambio cient\u00edficos internacionales hasta el educacional donde junto a su familia funda el Colegio Santa Cruz de Chicureo el a\u00f1o 1996.<\/p>\n<p style=\"text-align: justify;\">Convencido de que el desarrollo del hombre y el logro de su plenitud pasan por el autoconocimiento del esp\u00edritu, las relaciones afectivas positivas y el potenciar los v\u00ednculos de amor, form\u00f3 la Fundaci\u00f3n V\u00ednculo donde ocupa el rol de vicepresidente del directorio.<\/p>\n<p>[\/et_pb_text][\/et_pb_column][et_pb_column type=\u00bb2_5&#8243; _builder_version=\u00bb4.16&#8243; _module_preset=\u00bbdefault\u00bb global_colors_info=\u00bb{}\u00bb][et_pb_image src=\u00bbhttps:\/\/fundacionvinculo.cl\/sitio\/wp-content\/uploads\/2021\/05\/andres2.jpg\u00bb title_text=\u00bbandres2&#8243; _builder_version=\u00bb4.16&#8243; _module_preset=\u00bbdefault\u00bb width=\u00bb300px\u00bb module_alignment=\u00bbcenter\u00bb border_radii=\u00bbon|150px|150px|150px|150px\u00bb global_colors_info=\u00bb{}\u00bb][\/et_pb_image][\/et_pb_column][\/et_pb_row][et_pb_row _builder_version=\u00bb4.16&#8243; _module_preset=\u00bbdefault\u00bb custom_margin=\u00bb23px|auto||auto||\u00bb global_colors_info=\u00bb{}\u00bb][et_pb_column type=\u00bb4_4&#8243; _builder_version=\u00bb4.16&#8243; _module_preset=\u00bbdefault\u00bb global_colors_info=\u00bb{}\u00bb][et_pb_divider color=\u00bb#000000&#8243; _builder_version=\u00bb4.16&#8243; _module_preset=\u00bbdefault\u00bb global_colors_info=\u00bb{}\u00bb][\/et_pb_divider][\/et_pb_column][\/et_pb_row][et_pb_row column_structure=\u00bb2_5,3_5&#8243; _builder_version=\u00bb4.16&#8243; _module_preset=\u00bbdefault\u00bb global_colors_info=\u00bb{}\u00bb][et_pb_column type=\u00bb2_5&#8243; _builder_version=\u00bb4.16&#8243; _module_preset=\u00bbdefault\u00bb global_colors_info=\u00bb{}\u00bb][et_pb_image src=\u00bbhttps:\/\/fundacionvinculo.cl\/sitio\/wp-content\/uploads\/2021\/05\/rosita.jpg\u00bb title_text=\u00bbrosita\u00bb _builder_version=\u00bb4.16&#8243; _module_preset=\u00bbdefault\u00bb width=\u00bb300px\u00bb module_alignment=\u00bbcenter\u00bb border_radii=\u00bbon|150px|150px|150px|150px\u00bb global_colors_info=\u00bb{}\u00bb][\/et_pb_image][\/et_pb_column][et_pb_column type=\u00bb3_5&#8243; _builder_version=\u00bb4.16&#8243; _module_preset=\u00bbdefault\u00bb global_colors_info=\u00bb{}\u00bb][et_pb_text _builder_version=\u00bb4.16&#8243; _module_preset=\u00bbdefault\u00bb header_text_color=\u00bb#000000&#8243; header_3_font_size=\u00bb36px\u00bb header_4_text_align=\u00bbleft\u00bb header_4_text_color=\u00bb#000000&#8243; header_4_font_size=\u00bb36px\u00bb header_6_font=\u00bb|700|||||||\u00bb header_6_text_align=\u00bbleft\u00bb header_6_text_color=\u00bb#000000&#8243; header_6_font_size=\u00bb16px\u00bb header_3_text_align_tablet=\u00bbcenter\u00bb header_3_text_align_phone=\u00bbcenter\u00bb header_3_text_align_last_edited=\u00bbon|tablet\u00bb header_3_font_size_tablet=\u00bb\u00bb header_3_font_size_phone=\u00bb28px\u00bb header_3_font_size_last_edited=\u00bbon|phone\u00bb global_colors_info=\u00bb{}\u00bb]<\/p>\n<h3>Rosita Araya Runge<\/h3>\n<p>[\/et_pb_text][et_pb_text _builder_version=\u00bb4.16&#8243; _module_preset=\u00bbdefault\u00bb text_font=\u00bb||||||||\u00bb text_text_color=\u00bb#000000&#8243; text_font_size=\u00bb20px\u00bb text_line_height=\u00bb1.3em\u00bb text_font_size_tablet=\u00bb\u00bb text_font_size_phone=\u00bb18px\u00bb text_font_size_last_edited=\u00bbon|phone\u00bb text_line_height_tablet=\u00bb\u00bb text_line_height_phone=\u00bb1.4em\u00bb text_line_height_last_edited=\u00bbon|desktop\u00bb global_colors_info=\u00bb{}\u00bb]<\/p>\n<p>Rosita Araya Runge es la persona a cargo de la coordinaci\u00f3n, log\u00edstica, producci\u00f3n y comunicaci\u00f3n de las acciones que realizamos como Fundaci\u00f3n. Su esp\u00edritu amoroso, servicial y muy ordenado y sistem\u00e1tico, gracias a sus estudios como contadora y su experiencia de vida, nos permiten tener a una Amorista como puente con todos nuestros colaboradores y adherentes.<\/p>\n<p>Antes de unirse a la Fundaci\u00f3n, Rosita ejerci\u00f3 diferentes cargos en empresas, organizaciones sociales como Centros de Padres y como administradora de la Cl\u00ednica El Valle. Ella ingres\u00f3 a la Fundaci\u00f3n el a\u00f1o 2018 y ya fue graduada del Peregrinaje de la M\u00edstica del Bamb\u00fa.<\/p>\n<p>[\/et_pb_text][\/et_pb_column][\/et_pb_row][et_pb_row _builder_version=\u00bb4.16&#8243; _module_preset=\u00bbdefault\u00bb custom_margin=\u00bb23px|auto||auto||\u00bb global_colors_info=\u00bb{}\u00bb][et_pb_column type=\u00bb4_4&#8243; _builder_version=\u00bb4.16&#8243; _module_preset=\u00bbdefault\u00bb global_colors_info=\u00bb{}\u00bb][et_pb_divider color=\u00bb#000000&#8243; _builder_version=\u00bb4.16&#8243; _module_preset=\u00bbdefault\u00bb global_colors_info=\u00bb{}\u00bb][\/et_pb_divider][\/et_pb_column][\/et_pb_row][\/et_pb_section]<\/p>\n","protected":false},"excerpt":{"rendered":"<p>Nuestro EquipoLa Fundaci\u00f3n V\u00ednculo opera con una l\u00f3gica de c\u00edrculos conc\u00e9ntricos donde existe un n\u00facleo gestor que lidera las actividades y orientaciones y luego c\u00edrculos de menor a mayor tama\u00f1o y responsabilidad y participaci\u00f3n.N\u00facleo Amorista GestorEst\u00e1 formado por Trini Ried Goycoolea, Andr\u00e9s Goycoolea Figueroa, Juan Pablo Velasco C. y Rosita Araya Runge.Trini Ried GoycooleaAndr\u00e9s Goycoolea [&hellip;]<\/p>\n","protected":false},"author":3,"featured_media":0,"parent":0,"menu_order":0,"comment_status":"closed","ping_status":"closed","template":"","meta":{"_et_pb_use_builder":"on","_et_pb_old_content":"<!-- wp:divi\/placeholder \/-->","_et_gb_content_width":"","_vp_format_video_url":"","_vp_image_focal_point":[],"_joinchat":[],"footnotes":""},"class_list":["post-145","page","type-page","status-publish","hentry"],"_links":{"self":[{"href":"https:\/\/fundacionvinculo.cl\/sitio\/wp-json\/wp\/v2\/pages\/145","targetHints":{"allow":["GET"]}}],"collection":[{"href":"https:\/\/fundacionvinculo.cl\/sitio\/wp-json\/wp\/v2\/pages"}],"about":[{"href":"https:\/\/fundacionvinculo.cl\/sitio\/wp-json\/wp\/v2\/types\/page"}],"author":[{"embeddable":true,"href":"https:\/\/fundacionvinculo.cl\/sitio\/wp-json\/wp\/v2\/users\/3"}],"replies":[{"embeddable":true,"href":"https:\/\/fundacionvinculo.cl\/sitio\/wp-json\/wp\/v2\/comments?post=145"}],"version-history":[{"count":5,"href":"https:\/\/fundacionvinculo.cl\/sitio\/wp-json\/wp\/v2\/pages\/145\/revisions"}],"predecessor-version":[{"id":9971,"href":"https:\/\/fundacionvinculo.cl\/sitio\/wp-json\/wp\/v2\/pages\/145\/revisions\/9971"}],"wp:attachment":[{"href":"https:\/\/fundacionvinculo.cl\/sitio\/wp-json\/wp\/v2\/media?parent=145"}],"curies":[{"name":"wp","href":"https:\/\/api.w.org\/{rel}","templated":true}]}}